{"id":19848,"date":"2025-03-10T12:48:16","date_gmt":"2025-03-10T13:48:16","guid":{"rendered":"https:\/\/museu-angra.cultura.azores.gov.pt\/others\/historical-pieces\/mitre\/"},"modified":"2025-12-31T10:16:09","modified_gmt":"2025-12-31T11:16:09","slug":"mitre","status":"publish","type":"page","link":"https:\/\/museu-angra.cultura.azores.gov.pt\/en\/others\/historical-pieces\/mitre\/","title":{"rendered":"Mitre"},"content":{"rendered":"\n<div class=\"wp-block-media-text has-media-on-the-right is-stacked-on-mobile is-vertically-aligned-top\" style=\"grid-template-columns:auto 40%\"><div class=\"wp-block-media-text__content\">\n<p><p data-start=\"0\" data-end=\"235\">This mitre is part of the valuable collection of D. Jos\u00e9 Vieira Alvernaz, consisting of religious and personal objects and documents, donated to the Museu de Angra do Hero\u00edsmo in 1990 by his brother, Monsignor Manuel Vieira Alvernaz.<\/p>&#13;\n<p data-start=\"237\" data-end=\"849\">D. Jos\u00e9 Vieira Alvernaz (1898\u20131986) was a prelate from Pico who held the positions of Bishop of Cochim, Titular Archbishop of Cranganor, Metropolitan Archbishop of the Archdiocese of Goa and Daman, and Patriarch of the East Indies. He is considered one of the most prominent figures of the Portuguese presence in India during the 20th century. He played an important moderating role in the process of annexation of the territories of Goa, Daman, and Diu by the Indian Union, sometimes acting against the dominant power, and became known for his proverbial charity and direct contact with the local populations.<\/p>&#13;\n<p data-start=\"851\" data-end=\"1181\">The mitre is a head covering composed of two rigid pieces, oval, triangular, or pentagonal in shape, joined with fabric. From the back hang two narrow strips, called lappets. Made from rich fabrics and deeply ornamented, it is part of the episcopal insignia used in ceremonies by bishops, archbishops, certain abbots, and popes.<\/p>&#13;\n<p data-start=\"1183\" data-end=\"1705\">This example is made of cardboard covered with silk damask, satin embroidered with silver thread, gold-thread \u201csoutache,\u201d and glass stones in various colors. Both faces are embroidered with vegetal motifs. On the front, there are two circles: one with the patriarch\u2019s coat of arms and the other with a pelican, symbolizing the sacrifice of giving one\u2019s life out of love and charity. The back features two additional circles: one with the initials ISH associated with the name of Jesus, and the second with an M for Mary.<\/p>&#13;\n<p data-start=\"1707\" data-end=\"1996\" data-is-last-node=\"\" data-is-only-node=\"\">The piece belongs to the Textiles Collection of the MAH and was exhibited in 2011 in the exhibition \u201cD. Jos\u00e9 Alvernaz | Patriarch of the East Indies.\u201d The exhibition catalog is available online on the Museu de Angra do Hero\u00edsmo website: <a class=\"decorated-link\" href=\"https:\/\/museu-angra.azores.gov.pt\/...\/Jose-Vieira\" target=\"_new\" rel=\"noopener\" data-start=\"1944\" data-end=\"1993\">https:\/\/museu-angra.azores.gov.pt\/&#8230;\/Jose-Vieira<\/a>&#8230;<\/p><\/p>\n\n\n\n<p>Text | C\u00e1tia Sousa<\/p>\n<\/div><figure class=\"wp-block-media-text__media\"><img loading=\"lazy\" decoding=\"async\" width=\"630\" height=\"400\" src=\"https:\/\/museu-angra.cultura.azores.gov.pt\/wp-content\/uploads\/2025\/03\/banner-35.jpg\" alt=\"\" class=\"wp-image-12455 size-full\" srcset=\"https:\/\/museu-angra.cultura.azores.gov.pt\/wp-content\/uploads\/2025\/03\/banner-35.jpg 630w, https:\/\/museu-angra.cultura.azores.gov.pt\/wp-content\/uploads\/2025\/03\/banner-35-300x190.jpg 300w\" sizes=\"auto, (max-width: 630px) 100vw, 630px\" \/><\/figure><\/div>\n","protected":false},"excerpt":{"rendered":"<p>This mitre is part of the valuable collection of D. Jos\u00e9 Vieira Alvernaz, consisting of religious and personal objects and documents, donated to the Museu de Angra do Hero\u00edsmo in 1990 by his brother, Monsignor Manuel Vieira Alvernaz. &#13; D. Jos\u00e9 Vieira Alvernaz (1898\u20131986) was a prelate from Pico who held the positions of Bishop [&hellip;]<\/p>\n","protected":false},"author":5,"featured_media":0,"parent":19114,"menu_order":0,"comment_status":"closed","ping_status":"closed","template":"","meta":{"footnotes":""},"class_list":["post-19848","page","type-page","status-publish","hentry"],"acf":[],"yoast_head":"<!-- This site is optimized with the Yoast SEO plugin v27.4 - https:\/\/yoast.com\/product\/yoast-seo-wordpress\/ -->\n<title>Mitre - Museum of Angra do Heroismo<\/title>\n<meta name=\"robots\" content=\"index, follow, max-snippet:-1, max-image-preview:large, max-video-preview:-1\" \/>\n<link rel=\"canonical\" href=\"https:\/\/museu-angra.cultura.azores.gov.pt\/en\/others\/historical-pieces\/mitre\/\" \/>\n<meta property=\"og:locale\" content=\"en_US\" \/>\n<meta property=\"og:type\" content=\"article\" \/>\n<meta property=\"og:title\" content=\"Mitre - Museum of Angra do Heroismo\" \/>\n<meta property=\"og:description\" content=\"This mitre is part of the valuable collection of D. Jos\u00e9 Vieira Alvernaz, consisting of religious and personal objects and documents, donated to the Museu de Angra do Hero\u00edsmo in 1990 by his brother, Monsignor Manuel Vieira Alvernaz. &#013; D. Jos\u00e9 Vieira Alvernaz (1898\u20131986) was a prelate from Pico who held the positions of Bishop [&hellip;]\" \/>\n<meta property=\"og:url\" content=\"https:\/\/museu-angra.cultura.azores.gov.pt\/en\/others\/historical-pieces\/mitre\/\" \/>\n<meta property=\"og:site_name\" content=\"Museum of Angra do Heroismo\" \/>\n<meta property=\"article:publisher\" content=\"https:\/\/www.facebook.com\/MuseuDeAngraDoHeroismo\" \/>\n<meta property=\"article:modified_time\" content=\"2025-12-31T11:16:09+00:00\" \/>\n<meta property=\"og:image\" content=\"https:\/\/museu-angra.cultura.azores.gov.pt\/wp-content\/uploads\/2025\/03\/banner-35.jpg\" \/>\n\t<meta property=\"og:image:width\" content=\"630\" \/>\n\t<meta property=\"og:image:height\" content=\"400\" \/>\n\t<meta property=\"og:image:type\" content=\"image\/jpeg\" \/>\n<meta name=\"twitter:card\" content=\"summary_large_image\" \/>\n<meta name=\"twitter:label1\" content=\"Est. reading time\" \/>\n\t<meta name=\"twitter:data1\" content=\"2 minutes\" \/>\n<script type=\"application\/ld+json\" class=\"yoast-schema-graph\">{\"@context\":\"https:\\\/\\\/schema.org\",\"@graph\":[{\"@type\":\"WebPage\",\"@id\":\"https:\\\/\\\/museu-angra.cultura.azores.gov.pt\\\/en\\\/others\\\/historical-pieces\\\/mitre\\\/\",\"url\":\"https:\\\/\\\/museu-angra.cultura.azores.gov.pt\\\/en\\\/others\\\/historical-pieces\\\/mitre\\\/\",\"name\":\"Mitre - Museum of Angra do Heroismo\",\"isPartOf\":{\"@id\":\"https:\\\/\\\/museu-angra.cultura.azores.gov.pt\\\/en\\\/#website\"},\"primaryImageOfPage\":{\"@id\":\"https:\\\/\\\/museu-angra.cultura.azores.gov.pt\\\/en\\\/others\\\/historical-pieces\\\/mitre\\\/#primaryimage\"},\"image\":{\"@id\":\"https:\\\/\\\/museu-angra.cultura.azores.gov.pt\\\/en\\\/others\\\/historical-pieces\\\/mitre\\\/#primaryimage\"},\"thumbnailUrl\":\"https:\\\/\\\/museu-angra.cultura.azores.gov.pt\\\/wp-content\\\/uploads\\\/2025\\\/03\\\/banner-35.jpg\",\"datePublished\":\"2025-03-10T13:48:16+00:00\",\"dateModified\":\"2025-12-31T11:16:09+00:00\",\"breadcrumb\":{\"@id\":\"https:\\\/\\\/museu-angra.cultura.azores.gov.pt\\\/en\\\/others\\\/historical-pieces\\\/mitre\\\/#breadcrumb\"},\"inLanguage\":\"en-US\",\"potentialAction\":[{\"@type\":\"ReadAction\",\"target\":[\"https:\\\/\\\/museu-angra.cultura.azores.gov.pt\\\/en\\\/others\\\/historical-pieces\\\/mitre\\\/\"]}]},{\"@type\":\"ImageObject\",\"inLanguage\":\"en-US\",\"@id\":\"https:\\\/\\\/museu-angra.cultura.azores.gov.pt\\\/en\\\/others\\\/historical-pieces\\\/mitre\\\/#primaryimage\",\"url\":\"https:\\\/\\\/museu-angra.cultura.azores.gov.pt\\\/wp-content\\\/uploads\\\/2025\\\/03\\\/banner-35.jpg\",\"contentUrl\":\"https:\\\/\\\/museu-angra.cultura.azores.gov.pt\\\/wp-content\\\/uploads\\\/2025\\\/03\\\/banner-35.jpg\"},{\"@type\":\"BreadcrumbList\",\"@id\":\"https:\\\/\\\/museu-angra.cultura.azores.gov.pt\\\/en\\\/others\\\/historical-pieces\\\/mitre\\\/#breadcrumb\",\"itemListElement\":[{\"@type\":\"ListItem\",\"position\":1,\"name\":\"In\u00edcio\",\"item\":\"https:\\\/\\\/museu-angra.cultura.azores.gov.pt\\\/en\\\/\"},{\"@type\":\"ListItem\",\"position\":2,\"name\":\"Others\",\"item\":\"https:\\\/\\\/museu-angra.cultura.azores.gov.pt\\\/en\\\/outras\\\/\"},{\"@type\":\"ListItem\",\"position\":3,\"name\":\"Historical Pieces\",\"item\":\"https:\\\/\\\/museu-angra.cultura.azores.gov.pt\\\/en\\\/others\\\/historical-pieces\\\/\"},{\"@type\":\"ListItem\",\"position\":4,\"name\":\"Mitre\"}]},{\"@type\":\"WebSite\",\"@id\":\"https:\\\/\\\/museu-angra.cultura.azores.gov.pt\\\/en\\\/#website\",\"url\":\"https:\\\/\\\/museu-angra.cultura.azores.gov.pt\\\/en\\\/\",\"name\":\"Museu de Angra do Hero\u00edsmo\",\"description\":\"Website do Museu de Angra do Heroismo.\",\"publisher\":{\"@id\":\"https:\\\/\\\/museu-angra.cultura.azores.gov.pt\\\/en\\\/#organization\"},\"potentialAction\":[{\"@type\":\"SearchAction\",\"target\":{\"@type\":\"EntryPoint\",\"urlTemplate\":\"https:\\\/\\\/museu-angra.cultura.azores.gov.pt\\\/en\\\/?s={search_term_string}\"},\"query-input\":{\"@type\":\"PropertyValueSpecification\",\"valueRequired\":true,\"valueName\":\"search_term_string\"}}],\"inLanguage\":\"en-US\"},{\"@type\":\"Organization\",\"@id\":\"https:\\\/\\\/museu-angra.cultura.azores.gov.pt\\\/en\\\/#organization\",\"name\":\"Museu de Angra do Hero\u00edsmo\",\"url\":\"https:\\\/\\\/museu-angra.cultura.azores.gov.pt\\\/en\\\/\",\"logo\":{\"@type\":\"ImageObject\",\"inLanguage\":\"en-US\",\"@id\":\"https:\\\/\\\/museu-angra.cultura.azores.gov.pt\\\/en\\\/#\\\/schema\\\/logo\\\/image\\\/\",\"url\":\"https:\\\/\\\/museu-angra.cultura.azores.gov.pt\\\/wp-content\\\/uploads\\\/2024\\\/01\\\/MicrosoftTeams-image-1.png\",\"contentUrl\":\"https:\\\/\\\/museu-angra.cultura.azores.gov.pt\\\/wp-content\\\/uploads\\\/2024\\\/01\\\/MicrosoftTeams-image-1.png\",\"width\":512,\"height\":512,\"caption\":\"Museu de Angra do Hero\u00edsmo\"},\"image\":{\"@id\":\"https:\\\/\\\/museu-angra.cultura.azores.gov.pt\\\/en\\\/#\\\/schema\\\/logo\\\/image\\\/\"},\"sameAs\":[\"https:\\\/\\\/www.facebook.com\\\/MuseuDeAngraDoHeroismo\",\"https:\\\/\\\/www.instagram.com\\\/museu.angra\\\/\"]}]}<\/script>\n<!-- \/ Yoast SEO plugin. -->","yoast_head_json":{"title":"Mitre - Museum of Angra do Heroismo","robots":{"index":"index","follow":"follow","max-snippet":"max-snippet:-1","max-image-preview":"max-image-preview:large","max-video-preview":"max-video-preview:-1"},"canonical":"https:\/\/museu-angra.cultura.azores.gov.pt\/en\/others\/historical-pieces\/mitre\/","og_locale":"en_US","og_type":"article","og_title":"Mitre - Museum of Angra do Heroismo","og_description":"This mitre is part of the valuable collection of D. Jos\u00e9 Vieira Alvernaz, consisting of religious and personal objects and documents, donated to the Museu de Angra do Hero\u00edsmo in 1990 by his brother, Monsignor Manuel Vieira Alvernaz. &#13; D. Jos\u00e9 Vieira Alvernaz (1898\u20131986) was a prelate from Pico who held the positions of Bishop [&hellip;]","og_url":"https:\/\/museu-angra.cultura.azores.gov.pt\/en\/others\/historical-pieces\/mitre\/","og_site_name":"Museum of Angra do Heroismo","article_publisher":"https:\/\/www.facebook.com\/MuseuDeAngraDoHeroismo","article_modified_time":"2025-12-31T11:16:09+00:00","og_image":[{"width":630,"height":400,"url":"https:\/\/museu-angra.cultura.azores.gov.pt\/wp-content\/uploads\/2025\/03\/banner-35.jpg","type":"image\/jpeg"}],"twitter_card":"summary_large_image","twitter_misc":{"Est. reading time":"2 minutes"},"schema":{"@context":"https:\/\/schema.org","@graph":[{"@type":"WebPage","@id":"https:\/\/museu-angra.cultura.azores.gov.pt\/en\/others\/historical-pieces\/mitre\/","url":"https:\/\/museu-angra.cultura.azores.gov.pt\/en\/others\/historical-pieces\/mitre\/","name":"Mitre - Museum of Angra do Heroismo","isPartOf":{"@id":"https:\/\/museu-angra.cultura.azores.gov.pt\/en\/#website"},"primaryImageOfPage":{"@id":"https:\/\/museu-angra.cultura.azores.gov.pt\/en\/others\/historical-pieces\/mitre\/#primaryimage"},"image":{"@id":"https:\/\/museu-angra.cultura.azores.gov.pt\/en\/others\/historical-pieces\/mitre\/#primaryimage"},"thumbnailUrl":"https:\/\/museu-angra.cultura.azores.gov.pt\/wp-content\/uploads\/2025\/03\/banner-35.jpg","datePublished":"2025-03-10T13:48:16+00:00","dateModified":"2025-12-31T11:16:09+00:00","breadcrumb":{"@id":"https:\/\/museu-angra.cultura.azores.gov.pt\/en\/others\/historical-pieces\/mitre\/#breadcrumb"},"inLanguage":"en-US","potentialAction":[{"@type":"ReadAction","target":["https:\/\/museu-angra.cultura.azores.gov.pt\/en\/others\/historical-pieces\/mitre\/"]}]},{"@type":"ImageObject","inLanguage":"en-US","@id":"https:\/\/museu-angra.cultura.azores.gov.pt\/en\/others\/historical-pieces\/mitre\/#primaryimage","url":"https:\/\/museu-angra.cultura.azores.gov.pt\/wp-content\/uploads\/2025\/03\/banner-35.jpg","contentUrl":"https:\/\/museu-angra.cultura.azores.gov.pt\/wp-content\/uploads\/2025\/03\/banner-35.jpg"},{"@type":"BreadcrumbList","@id":"https:\/\/museu-angra.cultura.azores.gov.pt\/en\/others\/historical-pieces\/mitre\/#breadcrumb","itemListElement":[{"@type":"ListItem","position":1,"name":"In\u00edcio","item":"https:\/\/museu-angra.cultura.azores.gov.pt\/en\/"},{"@type":"ListItem","position":2,"name":"Others","item":"https:\/\/museu-angra.cultura.azores.gov.pt\/en\/outras\/"},{"@type":"ListItem","position":3,"name":"Historical Pieces","item":"https:\/\/museu-angra.cultura.azores.gov.pt\/en\/others\/historical-pieces\/"},{"@type":"ListItem","position":4,"name":"Mitre"}]},{"@type":"WebSite","@id":"https:\/\/museu-angra.cultura.azores.gov.pt\/en\/#website","url":"https:\/\/museu-angra.cultura.azores.gov.pt\/en\/","name":"Museu de Angra do Hero\u00edsmo","description":"Website do Museu de Angra do Heroismo.","publisher":{"@id":"https:\/\/museu-angra.cultura.azores.gov.pt\/en\/#organization"},"potentialAction":[{"@type":"SearchAction","target":{"@type":"EntryPoint","urlTemplate":"https:\/\/museu-angra.cultura.azores.gov.pt\/en\/?s={search_term_string}"},"query-input":{"@type":"PropertyValueSpecification","valueRequired":true,"valueName":"search_term_string"}}],"inLanguage":"en-US"},{"@type":"Organization","@id":"https:\/\/museu-angra.cultura.azores.gov.pt\/en\/#organization","name":"Museu de Angra do Hero\u00edsmo","url":"https:\/\/museu-angra.cultura.azores.gov.pt\/en\/","logo":{"@type":"ImageObject","inLanguage":"en-US","@id":"https:\/\/museu-angra.cultura.azores.gov.pt\/en\/#\/schema\/logo\/image\/","url":"https:\/\/museu-angra.cultura.azores.gov.pt\/wp-content\/uploads\/2024\/01\/MicrosoftTeams-image-1.png","contentUrl":"https:\/\/museu-angra.cultura.azores.gov.pt\/wp-content\/uploads\/2024\/01\/MicrosoftTeams-image-1.png","width":512,"height":512,"caption":"Museu de Angra do Hero\u00edsmo"},"image":{"@id":"https:\/\/museu-angra.cultura.azores.gov.pt\/en\/#\/schema\/logo\/image\/"},"sameAs":["https:\/\/www.facebook.com\/MuseuDeAngraDoHeroismo","https:\/\/www.instagram.com\/museu.angra\/"]}]}},"_links":{"self":[{"href":"https:\/\/museu-angra.cultura.azores.gov.pt\/en\/wp-json\/wp\/v2\/pages\/19848","targetHints":{"allow":["GET"]}}],"collection":[{"href":"https:\/\/museu-angra.cultura.azores.gov.pt\/en\/wp-json\/wp\/v2\/pages"}],"about":[{"href":"https:\/\/museu-angra.cultura.azores.gov.pt\/en\/wp-json\/wp\/v2\/types\/page"}],"author":[{"embeddable":true,"href":"https:\/\/museu-angra.cultura.azores.gov.pt\/en\/wp-json\/wp\/v2\/users\/5"}],"replies":[{"embeddable":true,"href":"https:\/\/museu-angra.cultura.azores.gov.pt\/en\/wp-json\/wp\/v2\/comments?post=19848"}],"version-history":[{"count":1,"href":"https:\/\/museu-angra.cultura.azores.gov.pt\/en\/wp-json\/wp\/v2\/pages\/19848\/revisions"}],"predecessor-version":[{"id":19849,"href":"https:\/\/museu-angra.cultura.azores.gov.pt\/en\/wp-json\/wp\/v2\/pages\/19848\/revisions\/19849"}],"up":[{"embeddable":true,"href":"https:\/\/museu-angra.cultura.azores.gov.pt\/en\/wp-json\/wp\/v2\/pages\/19114"}],"wp:attachment":[{"href":"https:\/\/museu-angra.cultura.azores.gov.pt\/en\/wp-json\/wp\/v2\/media?parent=19848"}],"curies":[{"name":"wp","href":"https:\/\/api.w.org\/{rel}","templated":true}]}}