{"id":19710,"date":"2025-03-17T12:44:38","date_gmt":"2025-03-17T13:44:38","guid":{"rendered":"https:\/\/museu-angra.cultura.azores.gov.pt\/others\/historical-pieces\/s-joao-baptista\/"},"modified":"2025-12-31T09:27:02","modified_gmt":"2025-12-31T10:27:02","slug":"s-joao-baptista","status":"publish","type":"page","link":"https:\/\/museu-angra.cultura.azores.gov.pt\/en\/others\/historical-pieces\/s-joao-baptista\/","title":{"rendered":"S. Jo\u00e3o Baptista"},"content":{"rendered":"\n<div class=\"wp-block-media-text has-media-on-the-right is-stacked-on-mobile is-vertically-aligned-top\" style=\"grid-template-columns:auto 40%\"><div class=\"wp-block-media-text__content\">\n<p><p data-start=\"0\" data-end=\"903\">In 1642, after maintaining a siege that forced the Castilian forces confined in the then Castelo de S. Felipe to surrender, the people of Terceira Island, gathered at the C\u00e2mara de Angra, requested King D. Jo\u00e3o IV to rename the fortress from S. Felipe to S. Jo\u00e3o in honour of the newly acclaimed king and to authorise the construction of a church dedicated to St John the Baptist. The monarch granted the request, and by royal decree in 1643, authorised the building of the new church, granting the city of Angra the title of \u201csempre leal\u201d (always loyal), along with other privileges and favours for its citizens. This image, belonging to the Fine Arts Management Unit of the Museum of Angra do Hero\u00edsmo, is thought to have been one of the first to occupy the main altar of the church then built, and it now forms part of the altar of the Chapel of Luiz Gonzaga in the Church of Nossa Senhora da Guia.<\/p>&#13;\n<p data-start=\"905\" data-end=\"1664\" data-is-last-node=\"\" data-is-only-node=\"\">St John the Baptist is regarded as the first martyr of the Church and the last of the prophets. His prestige explains why his birth was aligned in the hagiological calendar with the ancient celebrations of the summer solstice and why he is highly venerated as a patron and protector. He earned his cognomen for baptising Christ, whose birth and sacrifice he foretold. Accordingly, he is depicted holding a staff in the shape of a cross and carrying the \u201cLamb of God who takes away the sins of the World.\u201d His camel-skin garments, fastened with a leather strap\u2014a nod to the camel\u2019s hardy temperament and ability to endure long periods without water in the desert\u2014symbolically refer to humanity\u2019s resistance to accepting God\u2019s word and their subjugation to sin.<\/p><\/p>\n<\/div><figure class=\"wp-block-media-text__media\"><img loading=\"lazy\" decoding=\"async\" width=\"630\" height=\"400\" src=\"https:\/\/museu-angra.cultura.azores.gov.pt\/wp-content\/uploads\/2025\/03\/banner-108.jpg\" alt=\"\" class=\"wp-image-12786 size-full\" srcset=\"https:\/\/museu-angra.cultura.azores.gov.pt\/wp-content\/uploads\/2025\/03\/banner-108.jpg 630w, https:\/\/museu-angra.cultura.azores.gov.pt\/wp-content\/uploads\/2025\/03\/banner-108-300x190.jpg 300w\" sizes=\"auto, (max-width: 630px) 100vw, 630px\" \/><\/figure><\/div>\n","protected":false},"excerpt":{"rendered":"<p>In 1642, after maintaining a siege that forced the Castilian forces confined in the then Castelo de S. Felipe to surrender, the people of Terceira Island, gathered at the C\u00e2mara de Angra, requested King D. Jo\u00e3o IV to rename the fortress from S. Felipe to S. Jo\u00e3o in honour of the newly acclaimed king and [&hellip;]<\/p>\n","protected":false},"author":5,"featured_media":0,"parent":19114,"menu_order":0,"comment_status":"closed","ping_status":"closed","template":"","meta":{"footnotes":""},"class_list":["post-19710","page","type-page","status-publish","hentry"],"acf":[],"yoast_head":"<!-- This site is optimized with the Yoast SEO plugin v27.5 - https:\/\/yoast.com\/product\/yoast-seo-wordpress\/ -->\n<title>S. Jo\u00e3o Baptista - Museum of Angra do Heroismo<\/title>\n<meta name=\"robots\" content=\"index, follow, max-snippet:-1, max-image-preview:large, max-video-preview:-1\" \/>\n<link rel=\"canonical\" href=\"https:\/\/museu-angra.cultura.azores.gov.pt\/en\/others\/historical-pieces\/s-joao-baptista\/\" \/>\n<meta property=\"og:locale\" content=\"en_US\" \/>\n<meta property=\"og:type\" content=\"article\" \/>\n<meta property=\"og:title\" content=\"S. Jo\u00e3o Baptista - Museum of Angra do Heroismo\" \/>\n<meta property=\"og:description\" content=\"In 1642, after maintaining a siege that forced the Castilian forces confined in the then Castelo de S. Felipe to surrender, the people of Terceira Island, gathered at the C\u00e2mara de Angra, requested King D. Jo\u00e3o IV to rename the fortress from S. Felipe to S. Jo\u00e3o in honour of the newly acclaimed king and [&hellip;]\" \/>\n<meta property=\"og:url\" content=\"https:\/\/museu-angra.cultura.azores.gov.pt\/en\/others\/historical-pieces\/s-joao-baptista\/\" \/>\n<meta property=\"og:site_name\" content=\"Museum of Angra do Heroismo\" \/>\n<meta property=\"article:publisher\" content=\"https:\/\/www.facebook.com\/MuseuDeAngraDoHeroismo\" \/>\n<meta property=\"article:modified_time\" content=\"2025-12-31T10:27:02+00:00\" \/>\n<meta property=\"og:image\" content=\"https:\/\/museu-angra.cultura.azores.gov.pt\/wp-content\/uploads\/2025\/03\/banner-108.jpg\" \/>\n\t<meta property=\"og:image:width\" content=\"630\" \/>\n\t<meta property=\"og:image:height\" content=\"400\" \/>\n\t<meta property=\"og:image:type\" content=\"image\/jpeg\" \/>\n<meta name=\"twitter:card\" content=\"summary_large_image\" \/>\n<meta name=\"twitter:label1\" content=\"Est. reading time\" \/>\n\t<meta name=\"twitter:data1\" content=\"1 minute\" \/>\n<script type=\"application\/ld+json\" class=\"yoast-schema-graph\">{\"@context\":\"https:\\\/\\\/schema.org\",\"@graph\":[{\"@type\":\"WebPage\",\"@id\":\"https:\\\/\\\/museu-angra.cultura.azores.gov.pt\\\/en\\\/others\\\/historical-pieces\\\/s-joao-baptista\\\/\",\"url\":\"https:\\\/\\\/museu-angra.cultura.azores.gov.pt\\\/en\\\/others\\\/historical-pieces\\\/s-joao-baptista\\\/\",\"name\":\"S. Jo\u00e3o Baptista - Museum of Angra do Heroismo\",\"isPartOf\":{\"@id\":\"https:\\\/\\\/museu-angra.cultura.azores.gov.pt\\\/en\\\/#website\"},\"primaryImageOfPage\":{\"@id\":\"https:\\\/\\\/museu-angra.cultura.azores.gov.pt\\\/en\\\/others\\\/historical-pieces\\\/s-joao-baptista\\\/#primaryimage\"},\"image\":{\"@id\":\"https:\\\/\\\/museu-angra.cultura.azores.gov.pt\\\/en\\\/others\\\/historical-pieces\\\/s-joao-baptista\\\/#primaryimage\"},\"thumbnailUrl\":\"https:\\\/\\\/museu-angra.cultura.azores.gov.pt\\\/wp-content\\\/uploads\\\/2025\\\/03\\\/banner-108.jpg\",\"datePublished\":\"2025-03-17T13:44:38+00:00\",\"dateModified\":\"2025-12-31T10:27:02+00:00\",\"breadcrumb\":{\"@id\":\"https:\\\/\\\/museu-angra.cultura.azores.gov.pt\\\/en\\\/others\\\/historical-pieces\\\/s-joao-baptista\\\/#breadcrumb\"},\"inLanguage\":\"en-US\",\"potentialAction\":[{\"@type\":\"ReadAction\",\"target\":[\"https:\\\/\\\/museu-angra.cultura.azores.gov.pt\\\/en\\\/others\\\/historical-pieces\\\/s-joao-baptista\\\/\"]}]},{\"@type\":\"ImageObject\",\"inLanguage\":\"en-US\",\"@id\":\"https:\\\/\\\/museu-angra.cultura.azores.gov.pt\\\/en\\\/others\\\/historical-pieces\\\/s-joao-baptista\\\/#primaryimage\",\"url\":\"https:\\\/\\\/museu-angra.cultura.azores.gov.pt\\\/wp-content\\\/uploads\\\/2025\\\/03\\\/banner-108.jpg\",\"contentUrl\":\"https:\\\/\\\/museu-angra.cultura.azores.gov.pt\\\/wp-content\\\/uploads\\\/2025\\\/03\\\/banner-108.jpg\"},{\"@type\":\"BreadcrumbList\",\"@id\":\"https:\\\/\\\/museu-angra.cultura.azores.gov.pt\\\/en\\\/others\\\/historical-pieces\\\/s-joao-baptista\\\/#breadcrumb\",\"itemListElement\":[{\"@type\":\"ListItem\",\"position\":1,\"name\":\"In\u00edcio\",\"item\":\"https:\\\/\\\/museu-angra.cultura.azores.gov.pt\\\/en\\\/\"},{\"@type\":\"ListItem\",\"position\":2,\"name\":\"Others\",\"item\":\"https:\\\/\\\/museu-angra.cultura.azores.gov.pt\\\/en\\\/outras\\\/\"},{\"@type\":\"ListItem\",\"position\":3,\"name\":\"Historical Pieces\",\"item\":\"https:\\\/\\\/museu-angra.cultura.azores.gov.pt\\\/en\\\/others\\\/historical-pieces\\\/\"},{\"@type\":\"ListItem\",\"position\":4,\"name\":\"S. Jo\u00e3o Baptista\"}]},{\"@type\":\"WebSite\",\"@id\":\"https:\\\/\\\/museu-angra.cultura.azores.gov.pt\\\/en\\\/#website\",\"url\":\"https:\\\/\\\/museu-angra.cultura.azores.gov.pt\\\/en\\\/\",\"name\":\"Museu de Angra do Hero\u00edsmo\",\"description\":\"Website do Museu de Angra do Heroismo.\",\"publisher\":{\"@id\":\"https:\\\/\\\/museu-angra.cultura.azores.gov.pt\\\/en\\\/#organization\"},\"potentialAction\":[{\"@type\":\"SearchAction\",\"target\":{\"@type\":\"EntryPoint\",\"urlTemplate\":\"https:\\\/\\\/museu-angra.cultura.azores.gov.pt\\\/en\\\/?s={search_term_string}\"},\"query-input\":{\"@type\":\"PropertyValueSpecification\",\"valueRequired\":true,\"valueName\":\"search_term_string\"}}],\"inLanguage\":\"en-US\"},{\"@type\":\"Organization\",\"@id\":\"https:\\\/\\\/museu-angra.cultura.azores.gov.pt\\\/en\\\/#organization\",\"name\":\"Museu de Angra do Hero\u00edsmo\",\"url\":\"https:\\\/\\\/museu-angra.cultura.azores.gov.pt\\\/en\\\/\",\"logo\":{\"@type\":\"ImageObject\",\"inLanguage\":\"en-US\",\"@id\":\"https:\\\/\\\/museu-angra.cultura.azores.gov.pt\\\/en\\\/#\\\/schema\\\/logo\\\/image\\\/\",\"url\":\"https:\\\/\\\/museu-angra.cultura.azores.gov.pt\\\/wp-content\\\/uploads\\\/2024\\\/01\\\/MicrosoftTeams-image-1.png\",\"contentUrl\":\"https:\\\/\\\/museu-angra.cultura.azores.gov.pt\\\/wp-content\\\/uploads\\\/2024\\\/01\\\/MicrosoftTeams-image-1.png\",\"width\":512,\"height\":512,\"caption\":\"Museu de Angra do Hero\u00edsmo\"},\"image\":{\"@id\":\"https:\\\/\\\/museu-angra.cultura.azores.gov.pt\\\/en\\\/#\\\/schema\\\/logo\\\/image\\\/\"},\"sameAs\":[\"https:\\\/\\\/www.facebook.com\\\/MuseuDeAngraDoHeroismo\",\"https:\\\/\\\/www.instagram.com\\\/museu.angra\\\/\"]}]}<\/script>\n<!-- \/ Yoast SEO plugin. -->","yoast_head_json":{"title":"S. Jo\u00e3o Baptista - Museum of Angra do Heroismo","robots":{"index":"index","follow":"follow","max-snippet":"max-snippet:-1","max-image-preview":"max-image-preview:large","max-video-preview":"max-video-preview:-1"},"canonical":"https:\/\/museu-angra.cultura.azores.gov.pt\/en\/others\/historical-pieces\/s-joao-baptista\/","og_locale":"en_US","og_type":"article","og_title":"S. Jo\u00e3o Baptista - Museum of Angra do Heroismo","og_description":"In 1642, after maintaining a siege that forced the Castilian forces confined in the then Castelo de S. Felipe to surrender, the people of Terceira Island, gathered at the C\u00e2mara de Angra, requested King D. Jo\u00e3o IV to rename the fortress from S. Felipe to S. Jo\u00e3o in honour of the newly acclaimed king and [&hellip;]","og_url":"https:\/\/museu-angra.cultura.azores.gov.pt\/en\/others\/historical-pieces\/s-joao-baptista\/","og_site_name":"Museum of Angra do Heroismo","article_publisher":"https:\/\/www.facebook.com\/MuseuDeAngraDoHeroismo","article_modified_time":"2025-12-31T10:27:02+00:00","og_image":[{"width":630,"height":400,"url":"https:\/\/museu-angra.cultura.azores.gov.pt\/wp-content\/uploads\/2025\/03\/banner-108.jpg","type":"image\/jpeg"}],"twitter_card":"summary_large_image","twitter_misc":{"Est. reading time":"1 minute"},"schema":{"@context":"https:\/\/schema.org","@graph":[{"@type":"WebPage","@id":"https:\/\/museu-angra.cultura.azores.gov.pt\/en\/others\/historical-pieces\/s-joao-baptista\/","url":"https:\/\/museu-angra.cultura.azores.gov.pt\/en\/others\/historical-pieces\/s-joao-baptista\/","name":"S. Jo\u00e3o Baptista - Museum of Angra do Heroismo","isPartOf":{"@id":"https:\/\/museu-angra.cultura.azores.gov.pt\/en\/#website"},"primaryImageOfPage":{"@id":"https:\/\/museu-angra.cultura.azores.gov.pt\/en\/others\/historical-pieces\/s-joao-baptista\/#primaryimage"},"image":{"@id":"https:\/\/museu-angra.cultura.azores.gov.pt\/en\/others\/historical-pieces\/s-joao-baptista\/#primaryimage"},"thumbnailUrl":"https:\/\/museu-angra.cultura.azores.gov.pt\/wp-content\/uploads\/2025\/03\/banner-108.jpg","datePublished":"2025-03-17T13:44:38+00:00","dateModified":"2025-12-31T10:27:02+00:00","breadcrumb":{"@id":"https:\/\/museu-angra.cultura.azores.gov.pt\/en\/others\/historical-pieces\/s-joao-baptista\/#breadcrumb"},"inLanguage":"en-US","potentialAction":[{"@type":"ReadAction","target":["https:\/\/museu-angra.cultura.azores.gov.pt\/en\/others\/historical-pieces\/s-joao-baptista\/"]}]},{"@type":"ImageObject","inLanguage":"en-US","@id":"https:\/\/museu-angra.cultura.azores.gov.pt\/en\/others\/historical-pieces\/s-joao-baptista\/#primaryimage","url":"https:\/\/museu-angra.cultura.azores.gov.pt\/wp-content\/uploads\/2025\/03\/banner-108.jpg","contentUrl":"https:\/\/museu-angra.cultura.azores.gov.pt\/wp-content\/uploads\/2025\/03\/banner-108.jpg"},{"@type":"BreadcrumbList","@id":"https:\/\/museu-angra.cultura.azores.gov.pt\/en\/others\/historical-pieces\/s-joao-baptista\/#breadcrumb","itemListElement":[{"@type":"ListItem","position":1,"name":"In\u00edcio","item":"https:\/\/museu-angra.cultura.azores.gov.pt\/en\/"},{"@type":"ListItem","position":2,"name":"Others","item":"https:\/\/museu-angra.cultura.azores.gov.pt\/en\/outras\/"},{"@type":"ListItem","position":3,"name":"Historical Pieces","item":"https:\/\/museu-angra.cultura.azores.gov.pt\/en\/others\/historical-pieces\/"},{"@type":"ListItem","position":4,"name":"S. Jo\u00e3o Baptista"}]},{"@type":"WebSite","@id":"https:\/\/museu-angra.cultura.azores.gov.pt\/en\/#website","url":"https:\/\/museu-angra.cultura.azores.gov.pt\/en\/","name":"Museu de Angra do Hero\u00edsmo","description":"Website do Museu de Angra do Heroismo.","publisher":{"@id":"https:\/\/museu-angra.cultura.azores.gov.pt\/en\/#organization"},"potentialAction":[{"@type":"SearchAction","target":{"@type":"EntryPoint","urlTemplate":"https:\/\/museu-angra.cultura.azores.gov.pt\/en\/?s={search_term_string}"},"query-input":{"@type":"PropertyValueSpecification","valueRequired":true,"valueName":"search_term_string"}}],"inLanguage":"en-US"},{"@type":"Organization","@id":"https:\/\/museu-angra.cultura.azores.gov.pt\/en\/#organization","name":"Museu de Angra do Hero\u00edsmo","url":"https:\/\/museu-angra.cultura.azores.gov.pt\/en\/","logo":{"@type":"ImageObject","inLanguage":"en-US","@id":"https:\/\/museu-angra.cultura.azores.gov.pt\/en\/#\/schema\/logo\/image\/","url":"https:\/\/museu-angra.cultura.azores.gov.pt\/wp-content\/uploads\/2024\/01\/MicrosoftTeams-image-1.png","contentUrl":"https:\/\/museu-angra.cultura.azores.gov.pt\/wp-content\/uploads\/2024\/01\/MicrosoftTeams-image-1.png","width":512,"height":512,"caption":"Museu de Angra do Hero\u00edsmo"},"image":{"@id":"https:\/\/museu-angra.cultura.azores.gov.pt\/en\/#\/schema\/logo\/image\/"},"sameAs":["https:\/\/www.facebook.com\/MuseuDeAngraDoHeroismo","https:\/\/www.instagram.com\/museu.angra\/"]}]}},"_links":{"self":[{"href":"https:\/\/museu-angra.cultura.azores.gov.pt\/en\/wp-json\/wp\/v2\/pages\/19710","targetHints":{"allow":["GET"]}}],"collection":[{"href":"https:\/\/museu-angra.cultura.azores.gov.pt\/en\/wp-json\/wp\/v2\/pages"}],"about":[{"href":"https:\/\/museu-angra.cultura.azores.gov.pt\/en\/wp-json\/wp\/v2\/types\/page"}],"author":[{"embeddable":true,"href":"https:\/\/museu-angra.cultura.azores.gov.pt\/en\/wp-json\/wp\/v2\/users\/5"}],"replies":[{"embeddable":true,"href":"https:\/\/museu-angra.cultura.azores.gov.pt\/en\/wp-json\/wp\/v2\/comments?post=19710"}],"version-history":[{"count":1,"href":"https:\/\/museu-angra.cultura.azores.gov.pt\/en\/wp-json\/wp\/v2\/pages\/19710\/revisions"}],"predecessor-version":[{"id":19711,"href":"https:\/\/museu-angra.cultura.azores.gov.pt\/en\/wp-json\/wp\/v2\/pages\/19710\/revisions\/19711"}],"up":[{"embeddable":true,"href":"https:\/\/museu-angra.cultura.azores.gov.pt\/en\/wp-json\/wp\/v2\/pages\/19114"}],"wp:attachment":[{"href":"https:\/\/museu-angra.cultura.azores.gov.pt\/en\/wp-json\/wp\/v2\/media?parent=19710"}],"curies":[{"name":"wp","href":"https:\/\/api.w.org\/{rel}","templated":true}]}}