{"id":520,"date":"2024-01-05T11:07:50","date_gmt":"2024-01-05T12:07:50","guid":{"rendered":"https:\/\/museu-angra.cultura.azores.gov.pt\/locations\/san-francisco-building\/"},"modified":"2025-02-07T10:52:35","modified_gmt":"2025-02-07T11:52:35","slug":"san-francisco-building","status":"publish","type":"location","link":"https:\/\/museu-angra.cultura.azores.gov.pt\/en\/locations\/san-francisco-building\/","title":{"rendered":"S\u00e3o Francisco Building"},"content":{"rendered":"\n<p>Created in 1949, the Angra do Hero\u00edsmo Museum (MAH) has been housed in the former S\u00e3o Francisco Convent since 1969. It has three long-term exhibitions, the most significant of which, <em>Do mar e da Terra&#8230;uma hist\u00f3ria no Atl\u00e2ntico<\/em>, occupies the entire top floor of the building. There are also two other exhibition spaces dedicated to temporary exhibitions, along with visitable reserves of Species in Stone and Transport from the 18th to the 20th centuries.<br\/><br\/>The San Francisco Building is made up of the following long-term exhibition centers:<\/p>\n\n<p><strong>San Francisco Building | Memories;<br\/><a href=\"https:\/\/museu-angra.cultura.azores.gov.pt\/en\/exhibitions\/and-steel-changed-the-world-a-schneider-canet-battery-in-the-azores\/\" data-type=\"link\" data-id=\"https:\/\/museu-angra.cultura.azores.gov.pt\/exhibitions\/e-o-aco-mudou-o-mundo-uma-bateria-schneider-canet-nos-acores\/\">And Steel Changed the World&#8230;A Schneider-Canet Artillery Battery in the Azores;<\/a><br\/><a href=\"https:\/\/museu-angra.cultura.azores.gov.pt\/en\/exhibitions\/portugal-the-azores-and-the-great-war\/\" data-type=\"link\" data-id=\"https:\/\/museu-angra.cultura.azores.gov.pt\/exhibitions\/portugal-os-acores-e-a-grande-guerra\/\">Portugal, the Azores and the Great War 1914-1918;<\/a><\/strong><br\/><a href=\"https:\/\/museu-angra.cultura.azores.gov.pt\/en\/exhibitions\/from-sea-and-land-a-story-in-the-atlantic\/\" data-type=\"link\" data-id=\"https:\/\/museu-angra.cultura.azores.gov.pt\/exhibitions\/exhibition-2\/\"><strong>From Sea and Land&#8230; a story in the Atlantic;<\/strong> <\/a><br\/><strong>Verg\u00edlio Schneider Room<\/strong>;<br\/><a href=\"https:\/\/museu-angra.cultura.azores.gov.pt\/en\/exhibitions\/transport-reserves-from-the-18th-to-the-20th-centuries\/\" data-type=\"link\" data-id=\"https:\/\/museu-angra.cultura.azores.gov.pt\/exhibitions\/reserva-de-transportes-dos-seculos-xviii-a-xx\/\"><strong>Visitable reserve of transport from the 18th to the 20th centuries<\/strong>;<\/a><br\/><a href=\"https:\/\/museu-angra.cultura.azores.gov.pt\/en\/exhibitions\/stone-species-reserve-mens-stones\/\" data-type=\"link\" data-id=\"https:\/\/museu-angra.cultura.azores.gov.pt\/exhibitions\/reserva-de-especies-em-pedra-pedras-dos-homens\/\"><strong>Visitable reserve of Stone Species | <em>The Stones of Men<\/em><\/strong>;<\/a><br\/><a href=\"https:\/\/museu-angra.cultura.azores.gov.pt\/en\/exhibitions\/church-of-our-lady-of-guia\/\" data-type=\"link\" data-id=\"https:\/\/museu-angra.cultura.azores.gov.pt\/exhibitions\/igreja-de-nossa-senhora-da-guia\/\"><strong>Church of Our Lady of Guia<\/strong>;<\/a><\/p>\n","protected":false},"excerpt":{"rendered":"<p>Created in 1949, the Angra do Hero\u00edsmo Museum (MAH) has been housed in the former S\u00e3o Francisco Convent since 1969. It has three long-term exhibitions, the most significant of which, Do mar e da Terra&#8230;uma hist\u00f3ria no Atl\u00e2ntico, occupies the entire top floor of the building. There are also two other exhibition spaces dedicated to [&hellip;]<\/p>\n","protected":false},"template":"","class_list":["post-520","location","type-location","status-publish","hentry"],"acf":[],"yoast_head":"<!-- This site is optimized with the Yoast SEO plugin v27.4 - https:\/\/yoast.com\/product\/yoast-seo-wordpress\/ -->\n<title>S\u00e3o Francisco Building - Museum of Angra do Heroismo<\/title>\n<meta name=\"robots\" content=\"index, follow, max-snippet:-1, max-image-preview:large, max-video-preview:-1\" \/>\n<link rel=\"canonical\" href=\"https:\/\/museu-angra.cultura.azores.gov.pt\/en\/locations\/san-francisco-building\/\" \/>\n<meta property=\"og:locale\" content=\"en_US\" \/>\n<meta property=\"og:type\" content=\"article\" \/>\n<meta property=\"og:title\" content=\"S\u00e3o Francisco Building - Museum of Angra do Heroismo\" \/>\n<meta property=\"og:description\" content=\"Created in 1949, the Angra do Hero\u00edsmo Museum (MAH) has been housed in the former S\u00e3o Francisco Convent since 1969. It has three long-term exhibitions, the most significant of which, Do mar e da Terra&#8230;uma hist\u00f3ria no Atl\u00e2ntico, occupies the entire top floor of the building. There are also two other exhibition spaces dedicated to [&hellip;]\" \/>\n<meta property=\"og:url\" content=\"https:\/\/museu-angra.cultura.azores.gov.pt\/en\/locations\/san-francisco-building\/\" \/>\n<meta property=\"og:site_name\" content=\"Museum of Angra do Heroismo\" \/>\n<meta property=\"article:publisher\" content=\"https:\/\/www.facebook.com\/MuseuDeAngraDoHeroismo\" \/>\n<meta property=\"article:modified_time\" content=\"2025-02-07T11:52:35+00:00\" \/>\n<meta name=\"twitter:card\" content=\"summary_large_image\" \/>\n<meta name=\"twitter:label1\" content=\"Est. reading time\" \/>\n\t<meta name=\"twitter:data1\" content=\"1 minute\" \/>\n<script type=\"application\/ld+json\" class=\"yoast-schema-graph\">{\"@context\":\"https:\\\/\\\/schema.org\",\"@graph\":[{\"@type\":\"WebPage\",\"@id\":\"https:\\\/\\\/museu-angra.cultura.azores.gov.pt\\\/en\\\/locations\\\/san-francisco-building\\\/\",\"url\":\"https:\\\/\\\/museu-angra.cultura.azores.gov.pt\\\/en\\\/locations\\\/san-francisco-building\\\/\",\"name\":\"S\u00e3o Francisco Building - Museum of Angra do Heroismo\",\"isPartOf\":{\"@id\":\"https:\\\/\\\/museu-angra.cultura.azores.gov.pt\\\/en\\\/#website\"},\"datePublished\":\"2024-01-05T12:07:50+00:00\",\"dateModified\":\"2025-02-07T11:52:35+00:00\",\"breadcrumb\":{\"@id\":\"https:\\\/\\\/museu-angra.cultura.azores.gov.pt\\\/en\\\/locations\\\/san-francisco-building\\\/#breadcrumb\"},\"inLanguage\":\"en-US\",\"potentialAction\":[{\"@type\":\"ReadAction\",\"target\":[\"https:\\\/\\\/museu-angra.cultura.azores.gov.pt\\\/en\\\/locations\\\/san-francisco-building\\\/\"]}]},{\"@type\":\"BreadcrumbList\",\"@id\":\"https:\\\/\\\/museu-angra.cultura.azores.gov.pt\\\/en\\\/locations\\\/san-francisco-building\\\/#breadcrumb\",\"itemListElement\":[{\"@type\":\"ListItem\",\"position\":1,\"name\":\"In\u00edcio\",\"item\":\"https:\\\/\\\/museu-angra.cultura.azores.gov.pt\\\/en\\\/\"},{\"@type\":\"ListItem\",\"position\":2,\"name\":\"Locations\",\"item\":\"https:\\\/\\\/museu-angra.cultura.azores.gov.pt\\\/en\\\/locations\\\/\"},{\"@type\":\"ListItem\",\"position\":3,\"name\":\"S\u00e3o Francisco Building\"}]},{\"@type\":\"WebSite\",\"@id\":\"https:\\\/\\\/museu-angra.cultura.azores.gov.pt\\\/en\\\/#website\",\"url\":\"https:\\\/\\\/museu-angra.cultura.azores.gov.pt\\\/en\\\/\",\"name\":\"Museu de Angra do Hero\u00edsmo\",\"description\":\"Website do Museu de Angra do Heroismo.\",\"publisher\":{\"@id\":\"https:\\\/\\\/museu-angra.cultura.azores.gov.pt\\\/en\\\/#organization\"},\"potentialAction\":[{\"@type\":\"SearchAction\",\"target\":{\"@type\":\"EntryPoint\",\"urlTemplate\":\"https:\\\/\\\/museu-angra.cultura.azores.gov.pt\\\/en\\\/?s={search_term_string}\"},\"query-input\":{\"@type\":\"PropertyValueSpecification\",\"valueRequired\":true,\"valueName\":\"search_term_string\"}}],\"inLanguage\":\"en-US\"},{\"@type\":\"Organization\",\"@id\":\"https:\\\/\\\/museu-angra.cultura.azores.gov.pt\\\/en\\\/#organization\",\"name\":\"Museu de Angra do Hero\u00edsmo\",\"url\":\"https:\\\/\\\/museu-angra.cultura.azores.gov.pt\\\/en\\\/\",\"logo\":{\"@type\":\"ImageObject\",\"inLanguage\":\"en-US\",\"@id\":\"https:\\\/\\\/museu-angra.cultura.azores.gov.pt\\\/en\\\/#\\\/schema\\\/logo\\\/image\\\/\",\"url\":\"https:\\\/\\\/museu-angra.cultura.azores.gov.pt\\\/wp-content\\\/uploads\\\/2024\\\/01\\\/MicrosoftTeams-image-1.png\",\"contentUrl\":\"https:\\\/\\\/museu-angra.cultura.azores.gov.pt\\\/wp-content\\\/uploads\\\/2024\\\/01\\\/MicrosoftTeams-image-1.png\",\"width\":512,\"height\":512,\"caption\":\"Museu de Angra do Hero\u00edsmo\"},\"image\":{\"@id\":\"https:\\\/\\\/museu-angra.cultura.azores.gov.pt\\\/en\\\/#\\\/schema\\\/logo\\\/image\\\/\"},\"sameAs\":[\"https:\\\/\\\/www.facebook.com\\\/MuseuDeAngraDoHeroismo\",\"https:\\\/\\\/www.instagram.com\\\/museu.angra\\\/\"]}]}<\/script>\n<!-- \/ Yoast SEO plugin. -->","yoast_head_json":{"title":"S\u00e3o Francisco Building - Museum of Angra do Heroismo","robots":{"index":"index","follow":"follow","max-snippet":"max-snippet:-1","max-image-preview":"max-image-preview:large","max-video-preview":"max-video-preview:-1"},"canonical":"https:\/\/museu-angra.cultura.azores.gov.pt\/en\/locations\/san-francisco-building\/","og_locale":"en_US","og_type":"article","og_title":"S\u00e3o Francisco Building - Museum of Angra do Heroismo","og_description":"Created in 1949, the Angra do Hero\u00edsmo Museum (MAH) has been housed in the former S\u00e3o Francisco Convent since 1969. It has three long-term exhibitions, the most significant of which, Do mar e da Terra&#8230;uma hist\u00f3ria no Atl\u00e2ntico, occupies the entire top floor of the building. There are also two other exhibition spaces dedicated to [&hellip;]","og_url":"https:\/\/museu-angra.cultura.azores.gov.pt\/en\/locations\/san-francisco-building\/","og_site_name":"Museum of Angra do Heroismo","article_publisher":"https:\/\/www.facebook.com\/MuseuDeAngraDoHeroismo","article_modified_time":"2025-02-07T11:52:35+00:00","twitter_card":"summary_large_image","twitter_misc":{"Est. reading time":"1 minute"},"schema":{"@context":"https:\/\/schema.org","@graph":[{"@type":"WebPage","@id":"https:\/\/museu-angra.cultura.azores.gov.pt\/en\/locations\/san-francisco-building\/","url":"https:\/\/museu-angra.cultura.azores.gov.pt\/en\/locations\/san-francisco-building\/","name":"S\u00e3o Francisco Building - Museum of Angra do Heroismo","isPartOf":{"@id":"https:\/\/museu-angra.cultura.azores.gov.pt\/en\/#website"},"datePublished":"2024-01-05T12:07:50+00:00","dateModified":"2025-02-07T11:52:35+00:00","breadcrumb":{"@id":"https:\/\/museu-angra.cultura.azores.gov.pt\/en\/locations\/san-francisco-building\/#breadcrumb"},"inLanguage":"en-US","potentialAction":[{"@type":"ReadAction","target":["https:\/\/museu-angra.cultura.azores.gov.pt\/en\/locations\/san-francisco-building\/"]}]},{"@type":"BreadcrumbList","@id":"https:\/\/museu-angra.cultura.azores.gov.pt\/en\/locations\/san-francisco-building\/#breadcrumb","itemListElement":[{"@type":"ListItem","position":1,"name":"In\u00edcio","item":"https:\/\/museu-angra.cultura.azores.gov.pt\/en\/"},{"@type":"ListItem","position":2,"name":"Locations","item":"https:\/\/museu-angra.cultura.azores.gov.pt\/en\/locations\/"},{"@type":"ListItem","position":3,"name":"S\u00e3o Francisco Building"}]},{"@type":"WebSite","@id":"https:\/\/museu-angra.cultura.azores.gov.pt\/en\/#website","url":"https:\/\/museu-angra.cultura.azores.gov.pt\/en\/","name":"Museu de Angra do Hero\u00edsmo","description":"Website do Museu de Angra do Heroismo.","publisher":{"@id":"https:\/\/museu-angra.cultura.azores.gov.pt\/en\/#organization"},"potentialAction":[{"@type":"SearchAction","target":{"@type":"EntryPoint","urlTemplate":"https:\/\/museu-angra.cultura.azores.gov.pt\/en\/?s={search_term_string}"},"query-input":{"@type":"PropertyValueSpecification","valueRequired":true,"valueName":"search_term_string"}}],"inLanguage":"en-US"},{"@type":"Organization","@id":"https:\/\/museu-angra.cultura.azores.gov.pt\/en\/#organization","name":"Museu de Angra do Hero\u00edsmo","url":"https:\/\/museu-angra.cultura.azores.gov.pt\/en\/","logo":{"@type":"ImageObject","inLanguage":"en-US","@id":"https:\/\/museu-angra.cultura.azores.gov.pt\/en\/#\/schema\/logo\/image\/","url":"https:\/\/museu-angra.cultura.azores.gov.pt\/wp-content\/uploads\/2024\/01\/MicrosoftTeams-image-1.png","contentUrl":"https:\/\/museu-angra.cultura.azores.gov.pt\/wp-content\/uploads\/2024\/01\/MicrosoftTeams-image-1.png","width":512,"height":512,"caption":"Museu de Angra do Hero\u00edsmo"},"image":{"@id":"https:\/\/museu-angra.cultura.azores.gov.pt\/en\/#\/schema\/logo\/image\/"},"sameAs":["https:\/\/www.facebook.com\/MuseuDeAngraDoHeroismo","https:\/\/www.instagram.com\/museu.angra\/"]}]}},"_links":{"self":[{"href":"https:\/\/museu-angra.cultura.azores.gov.pt\/en\/wp-json\/wp\/v2\/location\/520","targetHints":{"allow":["GET"]}}],"collection":[{"href":"https:\/\/museu-angra.cultura.azores.gov.pt\/en\/wp-json\/wp\/v2\/location"}],"about":[{"href":"https:\/\/museu-angra.cultura.azores.gov.pt\/en\/wp-json\/wp\/v2\/types\/location"}],"wp:attachment":[{"href":"https:\/\/museu-angra.cultura.azores.gov.pt\/en\/wp-json\/wp\/v2\/media?parent=520"}],"curies":[{"name":"wp","href":"https:\/\/api.w.org\/{rel}","templated":true}]}}