{"id":9318,"date":"2024-09-27T10:17:46","date_gmt":"2024-09-27T10:17:46","guid":{"rendered":"https:\/\/museu-angra.cultura.azores.gov.pt\/exhibitions\/dreams-of-matter-marcal-printmaking\/"},"modified":"2024-10-23T11:46:34","modified_gmt":"2024-10-23T11:46:34","slug":"dreams-of-matter-marcal-printmaking","status":"publish","type":"exhibition","link":"https:\/\/museu-angra.cultura.azores.gov.pt\/en\/exhibitions\/dreams-of-matter-marcal-printmaking\/","title":{"rendered":"Dreams of Matter | Mar\u00e7al | Printmaking"},"content":{"rendered":"\n<p><strong>Cap\u00edtulo Gallery, 4th May to 15th September<\/strong><br\/>The 20 large-scale works in this exhibition correspond to Humberto Mar\u00e7al&#8217;s most recent work, in which he has combined printmaking and collage techniques to create dreamlike landscapes that envelop us with their vibrant solar colours and captivate us with their meticulous, multiple and suggestive textures.<br\/>Humberto Mar\u00e7al is one of the exponents of contemporary Portuguese graphic work and a dialogue leader and wise transmitter of knowledge to new generations of artists. He is responsible for various courses and training sessions in printmaking, lithography and serigraphy at different national institutions. He is linked to the formation and evolution of Terceira Island&#8217;s artistic community, having collaborated with the Museum of Angra do Hero\u00edsmo since the 1970s, both in organising printing and lithography workshops and in holding exhibitions, creating links with the local community that led to new partnerships with Oficina D&#8217;Angra and the IAC (Instituto A\u00e7oriano de Cultura). <\/p>\n\n<figure class=\"wp-block-gallery has-nested-images columns-default is-cropped wp-block-gallery-1 is-layout-flex wp-block-gallery-is-layout-flex\"><div class=\"wp-block-image\">\n<figure class=\"aligncenter size-large\"><img loading=\"lazy\" decoding=\"async\" width=\"332\" height=\"220\" data-id=\"6801\" src=\"https:\/\/museu-angra.cultura.azores.gov.pt\/wp-content\/uploads\/2024\/09\/temp2019-04-01.jpg\" alt=\"\" class=\"wp-image-6801\" srcset=\"https:\/\/museu-angra.cultura.azores.gov.pt\/wp-content\/uploads\/2024\/09\/temp2019-04-01.jpg 332w, https:\/\/museu-angra.cultura.azores.gov.pt\/wp-content\/uploads\/2024\/09\/temp2019-04-01-300x199.jpg 300w\" sizes=\"auto, (max-width: 332px) 100vw, 332px\" \/><\/figure>\n<\/div>\n\n<div class=\"wp-block-image\">\n<figure class=\"aligncenter size-large\"><img loading=\"lazy\" decoding=\"async\" width=\"383\" height=\"220\" data-id=\"6803\" src=\"https:\/\/museu-angra.cultura.azores.gov.pt\/wp-content\/uploads\/2024\/09\/temp2019-04-02.jpg\" alt=\"\" class=\"wp-image-6803\" srcset=\"https:\/\/museu-angra.cultura.azores.gov.pt\/wp-content\/uploads\/2024\/09\/temp2019-04-02.jpg 383w, https:\/\/museu-angra.cultura.azores.gov.pt\/wp-content\/uploads\/2024\/09\/temp2019-04-02-300x172.jpg 300w\" sizes=\"auto, (max-width: 383px) 100vw, 383px\" \/><\/figure>\n<\/div>\n\n<div class=\"wp-block-image\">\n<figure class=\"aligncenter size-large\"><img loading=\"lazy\" decoding=\"async\" width=\"332\" height=\"220\" data-id=\"6807\" src=\"https:\/\/museu-angra.cultura.azores.gov.pt\/wp-content\/uploads\/2024\/09\/temp2019-04-03.jpg\" alt=\"\" class=\"wp-image-6807\" srcset=\"https:\/\/museu-angra.cultura.azores.gov.pt\/wp-content\/uploads\/2024\/09\/temp2019-04-03.jpg 332w, https:\/\/museu-angra.cultura.azores.gov.pt\/wp-content\/uploads\/2024\/09\/temp2019-04-03-300x199.jpg 300w\" sizes=\"auto, (max-width: 332px) 100vw, 332px\" \/><\/figure>\n<\/div>\n\n<div class=\"wp-block-image\">\n<figure class=\"aligncenter size-large\"><img loading=\"lazy\" decoding=\"async\" width=\"332\" height=\"220\" data-id=\"6805\" src=\"https:\/\/museu-angra.cultura.azores.gov.pt\/wp-content\/uploads\/2024\/09\/temp2019-04-04.jpg\" alt=\"\" class=\"wp-image-6805\" srcset=\"https:\/\/museu-angra.cultura.azores.gov.pt\/wp-content\/uploads\/2024\/09\/temp2019-04-04.jpg 332w, https:\/\/museu-angra.cultura.azores.gov.pt\/wp-content\/uploads\/2024\/09\/temp2019-04-04-300x199.jpg 300w\" sizes=\"auto, (max-width: 332px) 100vw, 332px\" \/><\/figure>\n<\/div>\n\n<div class=\"wp-block-image\">\n<figure class=\"aligncenter size-large\"><img loading=\"lazy\" decoding=\"async\" width=\"246\" height=\"220\" data-id=\"6808\" src=\"https:\/\/museu-angra.cultura.azores.gov.pt\/wp-content\/uploads\/2024\/09\/temp2019-04-05.jpg\" alt=\"\" class=\"wp-image-6808\"\/><\/figure>\n<\/div>\n\n<div class=\"wp-block-image\">\n<figure class=\"aligncenter size-large\"><img loading=\"lazy\" decoding=\"async\" width=\"332\" height=\"220\" data-id=\"6811\" src=\"https:\/\/museu-angra.cultura.azores.gov.pt\/wp-content\/uploads\/2024\/09\/temp2019-04-06.jpg\" alt=\"\" class=\"wp-image-6811\" srcset=\"https:\/\/museu-angra.cultura.azores.gov.pt\/wp-content\/uploads\/2024\/09\/temp2019-04-06.jpg 332w, https:\/\/museu-angra.cultura.azores.gov.pt\/wp-content\/uploads\/2024\/09\/temp2019-04-06-300x199.jpg 300w\" sizes=\"auto, (max-width: 332px) 100vw, 332px\" \/><\/figure>\n<\/div>\n\n<div class=\"wp-block-image\">\n<figure class=\"aligncenter size-large\"><img loading=\"lazy\" decoding=\"async\" width=\"332\" height=\"220\" data-id=\"6813\" src=\"https:\/\/museu-angra.cultura.azores.gov.pt\/wp-content\/uploads\/2024\/09\/temp2019-04-07.jpg\" alt=\"\" class=\"wp-image-6813\" srcset=\"https:\/\/museu-angra.cultura.azores.gov.pt\/wp-content\/uploads\/2024\/09\/temp2019-04-07.jpg 332w, https:\/\/museu-angra.cultura.azores.gov.pt\/wp-content\/uploads\/2024\/09\/temp2019-04-07-300x199.jpg 300w\" sizes=\"auto, (max-width: 332px) 100vw, 332px\" \/><\/figure>\n<\/div>\n\n<div class=\"wp-block-image\">\n<figure class=\"aligncenter size-large\"><img loading=\"lazy\" decoding=\"async\" width=\"332\" height=\"220\" data-id=\"6815\" src=\"https:\/\/museu-angra.cultura.azores.gov.pt\/wp-content\/uploads\/2024\/09\/temp2019-04-08.jpg\" alt=\"\" class=\"wp-image-6815\" srcset=\"https:\/\/museu-angra.cultura.azores.gov.pt\/wp-content\/uploads\/2024\/09\/temp2019-04-08.jpg 332w, https:\/\/museu-angra.cultura.azores.gov.pt\/wp-content\/uploads\/2024\/09\/temp2019-04-08-300x199.jpg 300w\" sizes=\"auto, (max-width: 332px) 100vw, 332px\" \/><\/figure>\n<\/div>\n\n<div class=\"wp-block-image\">\n<figure class=\"aligncenter size-full\"><img loading=\"lazy\" decoding=\"async\" width=\"332\" height=\"220\" data-id=\"6819\" src=\"https:\/\/museu-angra.cultura.azores.gov.pt\/wp-content\/uploads\/2024\/09\/temp2019-04-09.jpg\" alt=\"\" class=\"wp-image-6819\" srcset=\"https:\/\/museu-angra.cultura.azores.gov.pt\/wp-content\/uploads\/2024\/09\/temp2019-04-09.jpg 332w, https:\/\/museu-angra.cultura.azores.gov.pt\/wp-content\/uploads\/2024\/09\/temp2019-04-09-300x199.jpg 300w\" sizes=\"auto, (max-width: 332px) 100vw, 332px\" \/><\/figure>\n<\/div>\n\n<div class=\"wp-block-image\">\n<figure class=\"aligncenter size-large\"><img loading=\"lazy\" decoding=\"async\" width=\"332\" height=\"220\" data-id=\"6816\" src=\"https:\/\/museu-angra.cultura.azores.gov.pt\/wp-content\/uploads\/2024\/09\/temp2019-04-10.jpg\" alt=\"\" class=\"wp-image-6816\" srcset=\"https:\/\/museu-angra.cultura.azores.gov.pt\/wp-content\/uploads\/2024\/09\/temp2019-04-10.jpg 332w, https:\/\/museu-angra.cultura.azores.gov.pt\/wp-content\/uploads\/2024\/09\/temp2019-04-10-300x199.jpg 300w\" sizes=\"auto, (max-width: 332px) 100vw, 332px\" \/><\/figure>\n<\/div>\n\n<div class=\"wp-block-image\">\n<figure class=\"aligncenter size-large\"><img loading=\"lazy\" decoding=\"async\" width=\"332\" height=\"220\" data-id=\"6820\" src=\"https:\/\/museu-angra.cultura.azores.gov.pt\/wp-content\/uploads\/2024\/09\/temp2019-04-11.jpg\" alt=\"\" class=\"wp-image-6820\" srcset=\"https:\/\/museu-angra.cultura.azores.gov.pt\/wp-content\/uploads\/2024\/09\/temp2019-04-11.jpg 332w, https:\/\/museu-angra.cultura.azores.gov.pt\/wp-content\/uploads\/2024\/09\/temp2019-04-11-300x199.jpg 300w\" sizes=\"auto, (max-width: 332px) 100vw, 332px\" \/><\/figure>\n<\/div>\n\n<div class=\"wp-block-image\">\n<figure class=\"aligncenter size-large\"><img loading=\"lazy\" decoding=\"async\" width=\"332\" height=\"220\" data-id=\"6824\" src=\"https:\/\/museu-angra.cultura.azores.gov.pt\/wp-content\/uploads\/2024\/09\/temp2019-04-12.jpg\" alt=\"\" class=\"wp-image-6824\" srcset=\"https:\/\/museu-angra.cultura.azores.gov.pt\/wp-content\/uploads\/2024\/09\/temp2019-04-12.jpg 332w, https:\/\/museu-angra.cultura.azores.gov.pt\/wp-content\/uploads\/2024\/09\/temp2019-04-12-300x199.jpg 300w\" sizes=\"auto, (max-width: 332px) 100vw, 332px\" \/><\/figure>\n<\/div>\n\n<div class=\"wp-block-image\">\n<figure class=\"aligncenter size-large\"><img loading=\"lazy\" decoding=\"async\" width=\"332\" height=\"220\" data-id=\"6826\" src=\"https:\/\/museu-angra.cultura.azores.gov.pt\/wp-content\/uploads\/2024\/09\/temp2019-04-13.jpg\" alt=\"\" class=\"wp-image-6826\" srcset=\"https:\/\/museu-angra.cultura.azores.gov.pt\/wp-content\/uploads\/2024\/09\/temp2019-04-13.jpg 332w, https:\/\/museu-angra.cultura.azores.gov.pt\/wp-content\/uploads\/2024\/09\/temp2019-04-13-300x199.jpg 300w\" sizes=\"auto, (max-width: 332px) 100vw, 332px\" \/><\/figure>\n<\/div>\n\n<div class=\"wp-block-image\">\n<figure class=\"aligncenter size-large\"><img loading=\"lazy\" decoding=\"async\" width=\"454\" height=\"220\" data-id=\"6822\" src=\"https:\/\/museu-angra.cultura.azores.gov.pt\/wp-content\/uploads\/2024\/09\/temp2019-04-14.jpg\" alt=\"\" class=\"wp-image-6822\" srcset=\"https:\/\/museu-angra.cultura.azores.gov.pt\/wp-content\/uploads\/2024\/09\/temp2019-04-14.jpg 454w, https:\/\/museu-angra.cultura.azores.gov.pt\/wp-content\/uploads\/2024\/09\/temp2019-04-14-300x145.jpg 300w\" sizes=\"auto, (max-width: 454px) 100vw, 454px\" \/><\/figure>\n<\/div>\n\n<div class=\"wp-block-image\">\n<figure class=\"aligncenter size-large\"><img loading=\"lazy\" decoding=\"async\" width=\"391\" height=\"220\" data-id=\"6828\" src=\"https:\/\/museu-angra.cultura.azores.gov.pt\/wp-content\/uploads\/2024\/09\/temp2019-04-15.jpg\" alt=\"\" class=\"wp-image-6828\" srcset=\"https:\/\/museu-angra.cultura.azores.gov.pt\/wp-content\/uploads\/2024\/09\/temp2019-04-15.jpg 391w, https:\/\/museu-angra.cultura.azores.gov.pt\/wp-content\/uploads\/2024\/09\/temp2019-04-15-300x169.jpg 300w\" sizes=\"auto, (max-width: 391px) 100vw, 391px\" \/><\/figure>\n<\/div>\n\n<div class=\"wp-block-image\">\n<figure class=\"aligncenter size-large\"><img loading=\"lazy\" decoding=\"async\" width=\"349\" height=\"220\" data-id=\"6830\" src=\"https:\/\/museu-angra.cultura.azores.gov.pt\/wp-content\/uploads\/2024\/09\/temp2019-04-16.jpg\" alt=\"\" class=\"wp-image-6830\" srcset=\"https:\/\/museu-angra.cultura.azores.gov.pt\/wp-content\/uploads\/2024\/09\/temp2019-04-16.jpg 349w, https:\/\/museu-angra.cultura.azores.gov.pt\/wp-content\/uploads\/2024\/09\/temp2019-04-16-300x189.jpg 300w\" sizes=\"auto, (max-width: 349px) 100vw, 349px\" \/><\/figure>\n<\/div>\n\n<div class=\"wp-block-image\">\n<figure class=\"aligncenter size-full\"><img loading=\"lazy\" decoding=\"async\" width=\"391\" height=\"220\" data-id=\"6829\" src=\"https:\/\/museu-angra.cultura.azores.gov.pt\/wp-content\/uploads\/2024\/09\/temp2019-04-17.jpg\" alt=\"\" class=\"wp-image-6829\" srcset=\"https:\/\/museu-angra.cultura.azores.gov.pt\/wp-content\/uploads\/2024\/09\/temp2019-04-17.jpg 391w, https:\/\/museu-angra.cultura.azores.gov.pt\/wp-content\/uploads\/2024\/09\/temp2019-04-17-300x169.jpg 300w\" sizes=\"auto, (max-width: 391px) 100vw, 391px\" \/><\/figure>\n<\/div>\n\n<div class=\"wp-block-image\">\n<figure class=\"aligncenter size-large\"><img loading=\"lazy\" decoding=\"async\" width=\"332\" height=\"220\" data-id=\"6834\" src=\"https:\/\/museu-angra.cultura.azores.gov.pt\/wp-content\/uploads\/2024\/09\/temp2019-04-18.jpg\" alt=\"\" class=\"wp-image-6834\" srcset=\"https:\/\/museu-angra.cultura.azores.gov.pt\/wp-content\/uploads\/2024\/09\/temp2019-04-18.jpg 332w, https:\/\/museu-angra.cultura.azores.gov.pt\/wp-content\/uploads\/2024\/09\/temp2019-04-18-300x199.jpg 300w\" sizes=\"auto, (max-width: 332px) 100vw, 332px\" \/><\/figure>\n<\/div>\n\n<div class=\"wp-block-image\">\n<figure class=\"aligncenter size-large\"><img loading=\"lazy\" decoding=\"async\" width=\"332\" height=\"220\" data-id=\"6833\" src=\"https:\/\/museu-angra.cultura.azores.gov.pt\/wp-content\/uploads\/2024\/09\/temp2019-04-19.jpg\" alt=\"\" class=\"wp-image-6833\" srcset=\"https:\/\/museu-angra.cultura.azores.gov.pt\/wp-content\/uploads\/2024\/09\/temp2019-04-19.jpg 332w, https:\/\/museu-angra.cultura.azores.gov.pt\/wp-content\/uploads\/2024\/09\/temp2019-04-19-300x199.jpg 300w\" sizes=\"auto, (max-width: 332px) 100vw, 332px\" \/><\/figure>\n<\/div>\n\n<div class=\"wp-block-image\">\n<figure class=\"aligncenter size-large\"><img loading=\"lazy\" decoding=\"async\" width=\"332\" height=\"220\" data-id=\"6837\" src=\"https:\/\/museu-angra.cultura.azores.gov.pt\/wp-content\/uploads\/2024\/09\/temp2019-04-20.jpg\" alt=\"\" class=\"wp-image-6837\" srcset=\"https:\/\/museu-angra.cultura.azores.gov.pt\/wp-content\/uploads\/2024\/09\/temp2019-04-20.jpg 332w, https:\/\/museu-angra.cultura.azores.gov.pt\/wp-content\/uploads\/2024\/09\/temp2019-04-20-300x199.jpg 300w\" sizes=\"auto, (max-width: 332px) 100vw, 332px\" \/><\/figure>\n<\/div>\n\n<div class=\"wp-block-image\">\n<figure class=\"aligncenter size-full\"><img loading=\"lazy\" decoding=\"async\" width=\"332\" height=\"220\" data-id=\"6842\" src=\"https:\/\/museu-angra.cultura.azores.gov.pt\/wp-content\/uploads\/2024\/09\/temp2019-04-21.jpg\" alt=\"\" class=\"wp-image-6842\" srcset=\"https:\/\/museu-angra.cultura.azores.gov.pt\/wp-content\/uploads\/2024\/09\/temp2019-04-21.jpg 332w, https:\/\/museu-angra.cultura.azores.gov.pt\/wp-content\/uploads\/2024\/09\/temp2019-04-21-300x199.jpg 300w\" sizes=\"auto, (max-width: 332px) 100vw, 332px\" \/><\/figure>\n<\/div>\n\n<div class=\"wp-block-image\">\n<figure class=\"aligncenter size-large\"><img loading=\"lazy\" decoding=\"async\" width=\"332\" height=\"220\" data-id=\"6839\" src=\"https:\/\/museu-angra.cultura.azores.gov.pt\/wp-content\/uploads\/2024\/09\/temp2019-04-22.jpg\" alt=\"\" class=\"wp-image-6839\" srcset=\"https:\/\/museu-angra.cultura.azores.gov.pt\/wp-content\/uploads\/2024\/09\/temp2019-04-22.jpg 332w, https:\/\/museu-angra.cultura.azores.gov.pt\/wp-content\/uploads\/2024\/09\/temp2019-04-22-300x199.jpg 300w\" sizes=\"auto, (max-width: 332px) 100vw, 332px\" \/><\/figure>\n<\/div>\n\n<div class=\"wp-block-image\">\n<figure class=\"aligncenter size-large\"><img loading=\"lazy\" decoding=\"async\" width=\"332\" height=\"220\" data-id=\"6841\" src=\"https:\/\/museu-angra.cultura.azores.gov.pt\/wp-content\/uploads\/2024\/09\/temp2019-04-23.jpg\" alt=\"\" class=\"wp-image-6841\" srcset=\"https:\/\/museu-angra.cultura.azores.gov.pt\/wp-content\/uploads\/2024\/09\/temp2019-04-23.jpg 332w, https:\/\/museu-angra.cultura.azores.gov.pt\/wp-content\/uploads\/2024\/09\/temp2019-04-23-300x199.jpg 300w\" sizes=\"auto, (max-width: 332px) 100vw, 332px\" \/><\/figure>\n<\/div>\n\n<div class=\"wp-block-image\">\n<figure class=\"aligncenter size-large\"><img loading=\"lazy\" decoding=\"async\" width=\"332\" height=\"220\" data-id=\"6846\" src=\"https:\/\/museu-angra.cultura.azores.gov.pt\/wp-content\/uploads\/2024\/09\/temp2019-04-24.jpg\" alt=\"\" class=\"wp-image-6846\" srcset=\"https:\/\/museu-angra.cultura.azores.gov.pt\/wp-content\/uploads\/2024\/09\/temp2019-04-24.jpg 332w, https:\/\/museu-angra.cultura.azores.gov.pt\/wp-content\/uploads\/2024\/09\/temp2019-04-24-300x199.jpg 300w\" sizes=\"auto, (max-width: 332px) 100vw, 332px\" \/><\/figure>\n<\/div>\n\n<div class=\"wp-block-image\">\n<figure class=\"aligncenter size-large\"><img loading=\"lazy\" decoding=\"async\" width=\"332\" height=\"220\" data-id=\"6844\" src=\"https:\/\/museu-angra.cultura.azores.gov.pt\/wp-content\/uploads\/2024\/09\/temp2019-04-25.jpg\" alt=\"\" class=\"wp-image-6844\" srcset=\"https:\/\/museu-angra.cultura.azores.gov.pt\/wp-content\/uploads\/2024\/09\/temp2019-04-25.jpg 332w, https:\/\/museu-angra.cultura.azores.gov.pt\/wp-content\/uploads\/2024\/09\/temp2019-04-25-300x199.jpg 300w\" sizes=\"auto, (max-width: 332px) 100vw, 332px\" \/><\/figure>\n<\/div>\n\n<div class=\"wp-block-image\">\n<figure class=\"aligncenter size-large\"><img loading=\"lazy\" decoding=\"async\" width=\"332\" height=\"220\" data-id=\"6848\" src=\"https:\/\/museu-angra.cultura.azores.gov.pt\/wp-content\/uploads\/2024\/09\/temp2019-04-26.jpg\" alt=\"\" class=\"wp-image-6848\" srcset=\"https:\/\/museu-angra.cultura.azores.gov.pt\/wp-content\/uploads\/2024\/09\/temp2019-04-26.jpg 332w, https:\/\/museu-angra.cultura.azores.gov.pt\/wp-content\/uploads\/2024\/09\/temp2019-04-26-300x199.jpg 300w\" sizes=\"auto, (max-width: 332px) 100vw, 332px\" \/><\/figure>\n<\/div>\n\n<div class=\"wp-block-image\">\n<figure class=\"aligncenter size-large\"><img loading=\"lazy\" decoding=\"async\" width=\"332\" height=\"220\" data-id=\"6850\" src=\"https:\/\/museu-angra.cultura.azores.gov.pt\/wp-content\/uploads\/2024\/09\/temp2019-04-27.jpg\" alt=\"\" class=\"wp-image-6850\" srcset=\"https:\/\/museu-angra.cultura.azores.gov.pt\/wp-content\/uploads\/2024\/09\/temp2019-04-27.jpg 332w, https:\/\/museu-angra.cultura.azores.gov.pt\/wp-content\/uploads\/2024\/09\/temp2019-04-27-300x199.jpg 300w\" sizes=\"auto, (max-width: 332px) 100vw, 332px\" \/><\/figure>\n<\/div>\n\n<div class=\"wp-block-image\">\n<figure class=\"aligncenter size-large\"><img loading=\"lazy\" decoding=\"async\" width=\"332\" height=\"220\" data-id=\"6852\" src=\"https:\/\/museu-angra.cultura.azores.gov.pt\/wp-content\/uploads\/2024\/09\/temp2019-04-28.jpg\" alt=\"\" class=\"wp-image-6852\" srcset=\"https:\/\/museu-angra.cultura.azores.gov.pt\/wp-content\/uploads\/2024\/09\/temp2019-04-28.jpg 332w, https:\/\/museu-angra.cultura.azores.gov.pt\/wp-content\/uploads\/2024\/09\/temp2019-04-28-300x199.jpg 300w\" sizes=\"auto, (max-width: 332px) 100vw, 332px\" \/><\/figure>\n<\/div>\n\n<div class=\"wp-block-image\">\n<figure class=\"aligncenter size-full\"><img loading=\"lazy\" decoding=\"async\" width=\"332\" height=\"220\" data-id=\"6853\" src=\"https:\/\/museu-angra.cultura.azores.gov.pt\/wp-content\/uploads\/2024\/09\/temp2019-04-29.jpg\" alt=\"\" class=\"wp-image-6853\" srcset=\"https:\/\/museu-angra.cultura.azores.gov.pt\/wp-content\/uploads\/2024\/09\/temp2019-04-29.jpg 332w, https:\/\/museu-angra.cultura.azores.gov.pt\/wp-content\/uploads\/2024\/09\/temp2019-04-29-300x199.jpg 300w\" sizes=\"auto, (max-width: 332px) 100vw, 332px\" \/><\/figure>\n<\/div>\n\n<div class=\"wp-block-image\">\n<figure class=\"aligncenter size-large\"><img loading=\"lazy\" decoding=\"async\" width=\"332\" height=\"220\" data-id=\"6855\" src=\"https:\/\/museu-angra.cultura.azores.gov.pt\/wp-content\/uploads\/2024\/09\/temp2019-04-30.jpg\" alt=\"\" class=\"wp-image-6855\" srcset=\"https:\/\/museu-angra.cultura.azores.gov.pt\/wp-content\/uploads\/2024\/09\/temp2019-04-30.jpg 332w, https:\/\/museu-angra.cultura.azores.gov.pt\/wp-content\/uploads\/2024\/09\/temp2019-04-30-300x199.jpg 300w\" sizes=\"auto, (max-width: 332px) 100vw, 332px\" \/><\/figure>\n<\/div>\n\n<div class=\"wp-block-image\">\n<figure class=\"aligncenter size-large\"><img loading=\"lazy\" decoding=\"async\" width=\"332\" height=\"220\" data-id=\"6856\" src=\"https:\/\/museu-angra.cultura.azores.gov.pt\/wp-content\/uploads\/2024\/09\/temp2019-04-31.jpg\" alt=\"\" class=\"wp-image-6856\" srcset=\"https:\/\/museu-angra.cultura.azores.gov.pt\/wp-content\/uploads\/2024\/09\/temp2019-04-31.jpg 332w, https:\/\/museu-angra.cultura.azores.gov.pt\/wp-content\/uploads\/2024\/09\/temp2019-04-31-300x199.jpg 300w\" sizes=\"auto, (max-width: 332px) 100vw, 332px\" \/><\/figure>\n<\/div>\n\n<div class=\"wp-block-image\">\n<figure class=\"aligncenter size-large\"><img loading=\"lazy\" decoding=\"async\" width=\"332\" height=\"220\" data-id=\"6859\" src=\"https:\/\/museu-angra.cultura.azores.gov.pt\/wp-content\/uploads\/2024\/09\/temp2019-04-32.jpg\" alt=\"\" class=\"wp-image-6859\" srcset=\"https:\/\/museu-angra.cultura.azores.gov.pt\/wp-content\/uploads\/2024\/09\/temp2019-04-32.jpg 332w, https:\/\/museu-angra.cultura.azores.gov.pt\/wp-content\/uploads\/2024\/09\/temp2019-04-32-300x199.jpg 300w\" sizes=\"auto, (max-width: 332px) 100vw, 332px\" \/><\/figure>\n<\/div>\n\n<div class=\"wp-block-image\">\n<figure class=\"aligncenter size-large\"><img loading=\"lazy\" decoding=\"async\" width=\"282\" height=\"220\" data-id=\"6861\" src=\"https:\/\/museu-angra.cultura.azores.gov.pt\/wp-content\/uploads\/2024\/09\/temp2019-04-33.jpg\" alt=\"\" class=\"wp-image-6861\"\/><\/figure>\n<\/div>\n\n<div class=\"wp-block-image\">\n<figure class=\"aligncenter size-large\"><img loading=\"lazy\" decoding=\"async\" width=\"332\" height=\"220\" data-id=\"6862\" src=\"https:\/\/museu-angra.cultura.azores.gov.pt\/wp-content\/uploads\/2024\/09\/temp2019-04-34.jpg\" alt=\"\" class=\"wp-image-6862\" srcset=\"https:\/\/museu-angra.cultura.azores.gov.pt\/wp-content\/uploads\/2024\/09\/temp2019-04-34.jpg 332w, https:\/\/museu-angra.cultura.azores.gov.pt\/wp-content\/uploads\/2024\/09\/temp2019-04-34-300x199.jpg 300w\" sizes=\"auto, (max-width: 332px) 100vw, 332px\" \/><\/figure>\n<\/div><\/figure>\n","protected":false},"excerpt":{"rendered":"<p>Cap\u00edtulo Gallery, 4th May to 15th SeptemberThe 20 large-scale works in this exhibition correspond to Humberto Mar\u00e7al&#8217;s most recent work, in which he has combined printmaking and collage techniques to create dreamlike landscapes that envelop us with their vibrant solar colours and captivate us with their meticulous, multiple and suggestive textures.Humberto Mar\u00e7al is one of [&hellip;]<\/p>\n","protected":false},"template":"","exhibition_types":[25],"class_list":["post-9318","exhibition","type-exhibition","status-publish","hentry","exhibition_types-temporary"],"acf":[],"yoast_head":"<!-- This site is optimized with the Yoast SEO plugin v27.5 - https:\/\/yoast.com\/product\/yoast-seo-wordpress\/ -->\n<title>Dreams of Matter | Mar\u00e7al | Printmaking - Museum of Angra do Heroismo<\/title>\n<meta name=\"robots\" content=\"index, follow, max-snippet:-1, max-image-preview:large, max-video-preview:-1\" \/>\n<link rel=\"canonical\" href=\"https:\/\/museu-angra.cultura.azores.gov.pt\/en\/exhibitions\/dreams-of-matter-marcal-printmaking\/\" \/>\n<meta property=\"og:locale\" content=\"en_US\" \/>\n<meta property=\"og:type\" content=\"article\" \/>\n<meta property=\"og:title\" content=\"Dreams of Matter | Mar\u00e7al | Printmaking - Museum of Angra do Heroismo\" \/>\n<meta property=\"og:description\" content=\"Cap\u00edtulo Gallery, 4th May to 15th SeptemberThe 20 large-scale works in this exhibition correspond to Humberto Mar\u00e7al&#8217;s most recent work, in which he has combined printmaking and collage techniques to create dreamlike landscapes that envelop us with their vibrant solar colours and captivate us with their meticulous, multiple and suggestive textures.Humberto Mar\u00e7al is one of [&hellip;]\" \/>\n<meta property=\"og:url\" content=\"https:\/\/museu-angra.cultura.azores.gov.pt\/en\/exhibitions\/dreams-of-matter-marcal-printmaking\/\" \/>\n<meta property=\"og:site_name\" content=\"Museum of Angra do Heroismo\" \/>\n<meta property=\"article:publisher\" content=\"https:\/\/www.facebook.com\/MuseuDeAngraDoHeroismo\" \/>\n<meta property=\"article:modified_time\" content=\"2024-10-23T11:46:34+00:00\" \/>\n<meta property=\"og:image\" content=\"https:\/\/museu-angra.cultura.azores.gov.pt\/wp-content\/uploads\/2024\/09\/temp2019-04-01.jpg\" \/>\n\t<meta property=\"og:image:width\" content=\"332\" \/>\n\t<meta property=\"og:image:height\" content=\"220\" \/>\n\t<meta property=\"og:image:type\" content=\"image\/jpeg\" \/>\n<meta name=\"twitter:card\" content=\"summary_large_image\" \/>\n<meta name=\"twitter:label1\" content=\"Est. reading time\" \/>\n\t<meta name=\"twitter:data1\" content=\"1 minute\" \/>\n<script type=\"application\/ld+json\" class=\"yoast-schema-graph\">{\"@context\":\"https:\\\/\\\/schema.org\",\"@graph\":[{\"@type\":\"WebPage\",\"@id\":\"https:\\\/\\\/museu-angra.cultura.azores.gov.pt\\\/en\\\/exhibitions\\\/dreams-of-matter-marcal-printmaking\\\/\",\"url\":\"https:\\\/\\\/museu-angra.cultura.azores.gov.pt\\\/en\\\/exhibitions\\\/dreams-of-matter-marcal-printmaking\\\/\",\"name\":\"Dreams of Matter | Mar\u00e7al | Printmaking - Museum of Angra do Heroismo\",\"isPartOf\":{\"@id\":\"https:\\\/\\\/museu-angra.cultura.azores.gov.pt\\\/en\\\/#website\"},\"primaryImageOfPage\":{\"@id\":\"https:\\\/\\\/museu-angra.cultura.azores.gov.pt\\\/en\\\/exhibitions\\\/dreams-of-matter-marcal-printmaking\\\/#primaryimage\"},\"image\":{\"@id\":\"https:\\\/\\\/museu-angra.cultura.azores.gov.pt\\\/en\\\/exhibitions\\\/dreams-of-matter-marcal-printmaking\\\/#primaryimage\"},\"thumbnailUrl\":\"https:\\\/\\\/museu-angra.cultura.azores.gov.pt\\\/wp-content\\\/uploads\\\/2024\\\/09\\\/temp2019-04-01.jpg\",\"datePublished\":\"2024-09-27T10:17:46+00:00\",\"dateModified\":\"2024-10-23T11:46:34+00:00\",\"breadcrumb\":{\"@id\":\"https:\\\/\\\/museu-angra.cultura.azores.gov.pt\\\/en\\\/exhibitions\\\/dreams-of-matter-marcal-printmaking\\\/#breadcrumb\"},\"inLanguage\":\"en-US\",\"potentialAction\":[{\"@type\":\"ReadAction\",\"target\":[\"https:\\\/\\\/museu-angra.cultura.azores.gov.pt\\\/en\\\/exhibitions\\\/dreams-of-matter-marcal-printmaking\\\/\"]}]},{\"@type\":\"ImageObject\",\"inLanguage\":\"en-US\",\"@id\":\"https:\\\/\\\/museu-angra.cultura.azores.gov.pt\\\/en\\\/exhibitions\\\/dreams-of-matter-marcal-printmaking\\\/#primaryimage\",\"url\":\"https:\\\/\\\/museu-angra.cultura.azores.gov.pt\\\/wp-content\\\/uploads\\\/2024\\\/09\\\/temp2019-04-01.jpg\",\"contentUrl\":\"https:\\\/\\\/museu-angra.cultura.azores.gov.pt\\\/wp-content\\\/uploads\\\/2024\\\/09\\\/temp2019-04-01.jpg\"},{\"@type\":\"BreadcrumbList\",\"@id\":\"https:\\\/\\\/museu-angra.cultura.azores.gov.pt\\\/en\\\/exhibitions\\\/dreams-of-matter-marcal-printmaking\\\/#breadcrumb\",\"itemListElement\":[{\"@type\":\"ListItem\",\"position\":1,\"name\":\"In\u00edcio\",\"item\":\"https:\\\/\\\/museu-angra.cultura.azores.gov.pt\\\/en\\\/\"},{\"@type\":\"ListItem\",\"position\":2,\"name\":\"Exhibitions\",\"item\":\"https:\\\/\\\/museu-angra.cultura.azores.gov.pt\\\/en\\\/exhibitions\\\/\"},{\"@type\":\"ListItem\",\"position\":3,\"name\":\"Dreams of Matter | Mar\u00e7al | Printmaking\"}]},{\"@type\":\"WebSite\",\"@id\":\"https:\\\/\\\/museu-angra.cultura.azores.gov.pt\\\/en\\\/#website\",\"url\":\"https:\\\/\\\/museu-angra.cultura.azores.gov.pt\\\/en\\\/\",\"name\":\"Museu de Angra do Hero\u00edsmo\",\"description\":\"Website do Museu de Angra do Heroismo.\",\"publisher\":{\"@id\":\"https:\\\/\\\/museu-angra.cultura.azores.gov.pt\\\/en\\\/#organization\"},\"potentialAction\":[{\"@type\":\"SearchAction\",\"target\":{\"@type\":\"EntryPoint\",\"urlTemplate\":\"https:\\\/\\\/museu-angra.cultura.azores.gov.pt\\\/en\\\/?s={search_term_string}\"},\"query-input\":{\"@type\":\"PropertyValueSpecification\",\"valueRequired\":true,\"valueName\":\"search_term_string\"}}],\"inLanguage\":\"en-US\"},{\"@type\":\"Organization\",\"@id\":\"https:\\\/\\\/museu-angra.cultura.azores.gov.pt\\\/en\\\/#organization\",\"name\":\"Museu de Angra do Hero\u00edsmo\",\"url\":\"https:\\\/\\\/museu-angra.cultura.azores.gov.pt\\\/en\\\/\",\"logo\":{\"@type\":\"ImageObject\",\"inLanguage\":\"en-US\",\"@id\":\"https:\\\/\\\/museu-angra.cultura.azores.gov.pt\\\/en\\\/#\\\/schema\\\/logo\\\/image\\\/\",\"url\":\"https:\\\/\\\/museu-angra.cultura.azores.gov.pt\\\/wp-content\\\/uploads\\\/2024\\\/01\\\/MicrosoftTeams-image-1.png\",\"contentUrl\":\"https:\\\/\\\/museu-angra.cultura.azores.gov.pt\\\/wp-content\\\/uploads\\\/2024\\\/01\\\/MicrosoftTeams-image-1.png\",\"width\":512,\"height\":512,\"caption\":\"Museu de Angra do Hero\u00edsmo\"},\"image\":{\"@id\":\"https:\\\/\\\/museu-angra.cultura.azores.gov.pt\\\/en\\\/#\\\/schema\\\/logo\\\/image\\\/\"},\"sameAs\":[\"https:\\\/\\\/www.facebook.com\\\/MuseuDeAngraDoHeroismo\",\"https:\\\/\\\/www.instagram.com\\\/museu.angra\\\/\"]}]}<\/script>\n<!-- \/ Yoast SEO plugin. -->","yoast_head_json":{"title":"Dreams of Matter | Mar\u00e7al | Printmaking - Museum of Angra do Heroismo","robots":{"index":"index","follow":"follow","max-snippet":"max-snippet:-1","max-image-preview":"max-image-preview:large","max-video-preview":"max-video-preview:-1"},"canonical":"https:\/\/museu-angra.cultura.azores.gov.pt\/en\/exhibitions\/dreams-of-matter-marcal-printmaking\/","og_locale":"en_US","og_type":"article","og_title":"Dreams of Matter | Mar\u00e7al | Printmaking - Museum of Angra do Heroismo","og_description":"Cap\u00edtulo Gallery, 4th May to 15th SeptemberThe 20 large-scale works in this exhibition correspond to Humberto Mar\u00e7al&#8217;s most recent work, in which he has combined printmaking and collage techniques to create dreamlike landscapes that envelop us with their vibrant solar colours and captivate us with their meticulous, multiple and suggestive textures.Humberto Mar\u00e7al is one of [&hellip;]","og_url":"https:\/\/museu-angra.cultura.azores.gov.pt\/en\/exhibitions\/dreams-of-matter-marcal-printmaking\/","og_site_name":"Museum of Angra do Heroismo","article_publisher":"https:\/\/www.facebook.com\/MuseuDeAngraDoHeroismo","article_modified_time":"2024-10-23T11:46:34+00:00","og_image":[{"width":332,"height":220,"url":"https:\/\/museu-angra.cultura.azores.gov.pt\/wp-content\/uploads\/2024\/09\/temp2019-04-01.jpg","type":"image\/jpeg"}],"twitter_card":"summary_large_image","twitter_misc":{"Est. reading time":"1 minute"},"schema":{"@context":"https:\/\/schema.org","@graph":[{"@type":"WebPage","@id":"https:\/\/museu-angra.cultura.azores.gov.pt\/en\/exhibitions\/dreams-of-matter-marcal-printmaking\/","url":"https:\/\/museu-angra.cultura.azores.gov.pt\/en\/exhibitions\/dreams-of-matter-marcal-printmaking\/","name":"Dreams of Matter | Mar\u00e7al | Printmaking - Museum of Angra do Heroismo","isPartOf":{"@id":"https:\/\/museu-angra.cultura.azores.gov.pt\/en\/#website"},"primaryImageOfPage":{"@id":"https:\/\/museu-angra.cultura.azores.gov.pt\/en\/exhibitions\/dreams-of-matter-marcal-printmaking\/#primaryimage"},"image":{"@id":"https:\/\/museu-angra.cultura.azores.gov.pt\/en\/exhibitions\/dreams-of-matter-marcal-printmaking\/#primaryimage"},"thumbnailUrl":"https:\/\/museu-angra.cultura.azores.gov.pt\/wp-content\/uploads\/2024\/09\/temp2019-04-01.jpg","datePublished":"2024-09-27T10:17:46+00:00","dateModified":"2024-10-23T11:46:34+00:00","breadcrumb":{"@id":"https:\/\/museu-angra.cultura.azores.gov.pt\/en\/exhibitions\/dreams-of-matter-marcal-printmaking\/#breadcrumb"},"inLanguage":"en-US","potentialAction":[{"@type":"ReadAction","target":["https:\/\/museu-angra.cultura.azores.gov.pt\/en\/exhibitions\/dreams-of-matter-marcal-printmaking\/"]}]},{"@type":"ImageObject","inLanguage":"en-US","@id":"https:\/\/museu-angra.cultura.azores.gov.pt\/en\/exhibitions\/dreams-of-matter-marcal-printmaking\/#primaryimage","url":"https:\/\/museu-angra.cultura.azores.gov.pt\/wp-content\/uploads\/2024\/09\/temp2019-04-01.jpg","contentUrl":"https:\/\/museu-angra.cultura.azores.gov.pt\/wp-content\/uploads\/2024\/09\/temp2019-04-01.jpg"},{"@type":"BreadcrumbList","@id":"https:\/\/museu-angra.cultura.azores.gov.pt\/en\/exhibitions\/dreams-of-matter-marcal-printmaking\/#breadcrumb","itemListElement":[{"@type":"ListItem","position":1,"name":"In\u00edcio","item":"https:\/\/museu-angra.cultura.azores.gov.pt\/en\/"},{"@type":"ListItem","position":2,"name":"Exhibitions","item":"https:\/\/museu-angra.cultura.azores.gov.pt\/en\/exhibitions\/"},{"@type":"ListItem","position":3,"name":"Dreams of Matter | Mar\u00e7al | Printmaking"}]},{"@type":"WebSite","@id":"https:\/\/museu-angra.cultura.azores.gov.pt\/en\/#website","url":"https:\/\/museu-angra.cultura.azores.gov.pt\/en\/","name":"Museu de Angra do Hero\u00edsmo","description":"Website do Museu de Angra do Heroismo.","publisher":{"@id":"https:\/\/museu-angra.cultura.azores.gov.pt\/en\/#organization"},"potentialAction":[{"@type":"SearchAction","target":{"@type":"EntryPoint","urlTemplate":"https:\/\/museu-angra.cultura.azores.gov.pt\/en\/?s={search_term_string}"},"query-input":{"@type":"PropertyValueSpecification","valueRequired":true,"valueName":"search_term_string"}}],"inLanguage":"en-US"},{"@type":"Organization","@id":"https:\/\/museu-angra.cultura.azores.gov.pt\/en\/#organization","name":"Museu de Angra do Hero\u00edsmo","url":"https:\/\/museu-angra.cultura.azores.gov.pt\/en\/","logo":{"@type":"ImageObject","inLanguage":"en-US","@id":"https:\/\/museu-angra.cultura.azores.gov.pt\/en\/#\/schema\/logo\/image\/","url":"https:\/\/museu-angra.cultura.azores.gov.pt\/wp-content\/uploads\/2024\/01\/MicrosoftTeams-image-1.png","contentUrl":"https:\/\/museu-angra.cultura.azores.gov.pt\/wp-content\/uploads\/2024\/01\/MicrosoftTeams-image-1.png","width":512,"height":512,"caption":"Museu de Angra do Hero\u00edsmo"},"image":{"@id":"https:\/\/museu-angra.cultura.azores.gov.pt\/en\/#\/schema\/logo\/image\/"},"sameAs":["https:\/\/www.facebook.com\/MuseuDeAngraDoHeroismo","https:\/\/www.instagram.com\/museu.angra\/"]}]}},"_links":{"self":[{"href":"https:\/\/museu-angra.cultura.azores.gov.pt\/en\/wp-json\/wp\/v2\/exhibition\/9318","targetHints":{"allow":["GET"]}}],"collection":[{"href":"https:\/\/museu-angra.cultura.azores.gov.pt\/en\/wp-json\/wp\/v2\/exhibition"}],"about":[{"href":"https:\/\/museu-angra.cultura.azores.gov.pt\/en\/wp-json\/wp\/v2\/types\/exhibition"}],"wp:attachment":[{"href":"https:\/\/museu-angra.cultura.azores.gov.pt\/en\/wp-json\/wp\/v2\/media?parent=9318"}],"wp:term":[{"taxonomy":"exhibition_types","embeddable":true,"href":"https:\/\/museu-angra.cultura.azores.gov.pt\/en\/wp-json\/wp\/v2\/exhibition_types?post=9318"}],"curies":[{"name":"wp","href":"https:\/\/api.w.org\/{rel}","templated":true}]}}